{"id":88,"date":"2024-09-16T07:50:23","date_gmt":"2024-09-16T07:50:23","guid":{"rendered":"https:\/\/invanep.com\/congreso-2025\/?page_id=88"},"modified":"2024-11-20T16:04:22","modified_gmt":"2024-11-20T16:04:22","slug":"ponentes","status":"publish","type":"page","link":"https:\/\/invanep.com\/congreso-2025\/ponentes\/","title":{"rendered":"PONENTES"},"content":{"rendered":"<p>[et_pb_section fb_built=\u00bb1&#8243; next_background_color=\u00bb#00208A\u00bb _builder_version=\u00bb4.17.4&#8243; _module_preset=\u00bbdefault\u00bb background_image=\u00bbhttps:\/\/invanep.com\/congreso-2025\/wp-content\/uploads\/2024\/09\/BANNER.jpg\u00bb bottom_divider_style=\u00bbramp\u00bb bottom_divider_height=\u00bb49px\u00bb global_module=\u00bb115&#8243; global_colors_info=\u00bb{}\u00bb][et_pb_row _builder_version=\u00bb4.27.0&#8243; _module_preset=\u00bbdefault\u00bb background_color=\u00bb#FFFFFF\u00bb horizontal_offset=\u00bb477px\u00bb width=\u00bb100%\u00bb max_width=\u00bb736px\u00bb custom_padding=\u00bb49px||49px||true|false\u00bb border_radii=\u00bbon|26px|26px|26px|26px\u00bb box_shadow_style=\u00bbpreset1&#8243; global_colors_info=\u00bb{}\u00bb][et_pb_column type=\u00bb4_4&#8243; _builder_version=\u00bb4.17.4&#8243; _module_preset=\u00bbdefault\u00bb global_colors_info=\u00bb{}\u00bb][et_pb_image src=\u00bbhttps:\/\/invanep.com\/congreso-2025\/wp-content\/uploads\/2024\/09\/titol.png\u00bb title_text=\u00bbtitol\u00bb align=\u00bbcenter\u00bb _builder_version=\u00bb4.27.0&#8243; _module_preset=\u00bbdefault\u00bb background_color=\u00bbRGBA(255,255,255,0)\u00bb positioning=\u00bbrelative\u00bb max_width=\u00bb500%\u00bb global_colors_info=\u00bb{}\u00bb][\/et_pb_image][et_pb_text _builder_version=\u00bb4.27.0&#8243; _module_preset=\u00bbdefault\u00bb global_colors_info=\u00bb{}\u00bb]<\/p>\n<h2 style=\"text-align: center;\"><span style=\"color: #000080;\"><strong>Valencia, 7 y 8 de marzo de 2025<\/strong><\/span><\/h2>\n<h4 style=\"text-align: center;\">Jornadas de tarde (d\u00eda 7) y de ma\u00f1ana (d\u00eda 8). PRESENCIAL \/ ON LINE.<\/h4>\n<p>[\/et_pb_text][\/et_pb_column][\/et_pb_row][\/et_pb_section][et_pb_section fb_built=\u00bb1&#8243; _builder_version=\u00bb4.27.0&#8243; _module_preset=\u00bbdefault\u00bb background_color=\u00bb#00208A\u00bb bottom_divider_style=\u00bbramp\u00bb bottom_divider_color=\u00bb#FFFFFF\u00bb bottom_divider_height=\u00bb122px\u00bb global_module=\u00bb46&#8243; global_colors_info=\u00bb{}\u00bb][\/et_pb_section][et_pb_section fb_built=\u00bb1&#8243; _builder_version=\u00bb4.27.0&#8243; _module_preset=\u00bbdefault\u00bb custom_padding=\u00bb||14px|||\u00bb global_module=\u00bb58&#8243; global_colors_info=\u00bb{}\u00bb][et_pb_row _builder_version=\u00bb4.27.0&#8243; _module_preset=\u00bbdefault\u00bb global_colors_info=\u00bb{}\u00bb][et_pb_column type=\u00bb4_4&#8243; _builder_version=\u00bb4.27.0&#8243; _module_preset=\u00bbdefault\u00bb global_colors_info=\u00bb{}\u00bb][et_pb_post_title meta=\u00bboff\u00bb featured_image=\u00bboff\u00bb _builder_version=\u00bb4.27.0&#8243; _module_preset=\u00bbdefault\u00bb title_text_color=\u00bb#00208A\u00bb title_font_size=\u00bb46px\u00bb border_width_bottom=\u00bb5px\u00bb border_color_bottom=\u00bb#00208A\u00bb global_colors_info=\u00bb{}\u00bb][\/et_pb_post_title][\/et_pb_column][\/et_pb_row][\/et_pb_section][et_pb_section fb_built=\u00bb1&#8243; _builder_version=\u00bb4.21.0&#8243; _module_preset=\u00bbdefault\u00bb background_color=\u00bbRGBA(255,255,255,0)\u00bb custom_margin=\u00bb-95px||||false|false\u00bb locked=\u00bboff\u00bb global_colors_info=\u00bb{}\u00bb][et_pb_row column_structure=\u00bb1_2,1_2&#8243; _builder_version=\u00bb4.23&#8243; _module_preset=\u00bbdefault\u00bb global_colors_info=\u00bb{}\u00bb][et_pb_column type=\u00bb1_2&#8243; _builder_version=\u00bb4.23&#8243; _module_preset=\u00bbdefault\u00bb global_colors_info=\u00bb{}\u00bb][et_pb_text _builder_version=\u00bb4.27.3&#8243; _module_preset=\u00bbdefault\u00bb background_color=\u00bb#FFFFFF\u00bb hover_enabled=\u00bb0&#8243; border_radii=\u00bbon|22px|22px|22px|22px\u00bb box_shadow_style=\u00bbpreset1&#8243; global_colors_info=\u00bb{}\u00bb sticky_enabled=\u00bb0&#8243;]<\/p>\n<h1 style=\"text-align: center;\"><strong><\/strong><\/h1>\n<h1 style=\"text-align: center;\"><strong><\/strong><\/h1>\n<table border=\"1\" style=\"border-collapse: collapse; width: 100.774%;\" height=\"104\">\n<tbody>\n<tr>\n<td style=\"width: 100%; background-color: #0f1b67;\">\n<h1 style=\"text-align: center;\"><span style=\"color: #ffffff;\">NEURODESARROLLO<\/span><\/h1>\n<\/td>\n<\/tr>\n<\/tbody>\n<\/table>\n<p>&nbsp;<\/p>\n<table border=\"1\" style=\"border-collapse: collapse; width: 100%;\">\n<tbody>\n<tr>\n<td style=\"width: 29.8839%; border-color: #ffffff;\"><img loading=\"lazy\" decoding=\"async\" src=\"https:\/\/invanep.com\/congreso-2024\/wp-content\/uploads\/2023\/11\/SalvadorMartinez.png\" width=\"250\" height=\"250\" alt=\"\" class=\"wp-image-338 alignnone size-full\" \/><\/td>\n<td style=\"width: 70.1161%; border-color: #ffffff;\">\n<h4><strong>Salvador <\/strong><strong>Mart\u00ednez<\/strong><\/h4>\n<p>Catedr\u00e1tico del Dpto. de Histolog\u00eda y Anatom\u00eda Humana, F. de Medicina de la Universidad Miguel Hern\u00e1ndez, Elche. Investigador del Instituto de Neurociencias. Director del laboratorio de Embriolog\u00eda Experimental del Instituto de Neurociencias, UMH-CSIC. (Alicante).<\/p>\n<h4><strong>\u00a0<\/strong><\/h4>\n<\/td>\n<\/tr>\n<tr>\n<td style=\"width: 29.8839%; border-color: #ffffff;\"><img loading=\"lazy\" decoding=\"async\" src=\"https:\/\/invanep.com\/congreso-2025\/wp-content\/uploads\/2024\/09\/Screenshot_2024-09-16-13-54-45-854_com.whatsapp-1-e1726653181188-300x300.jpg\" width=\"300\" height=\"300\" alt=\"\" class=\"wp-image-99 alignnone size-medium\" \/><\/td>\n<td style=\"width: 70.1161%; border-color: #ffffff;\">\n<h4><strong>Jes\u00fas Eiris<\/strong><\/h4>\n<p>Neuropediatra, Jefe de la Unidad de Neurolog\u00eda Pedi\u00e1trica- Complejo Hospitalario<br \/>Universitario de Santiago.de Compostela (Galicia).<\/p>\n<\/td>\n<\/tr>\n<\/tbody>\n<\/table>\n<p>[\/et_pb_text][\/et_pb_column][et_pb_column type=\u00bb1_2&#8243; _builder_version=\u00bb4.23&#8243; _module_preset=\u00bbdefault\u00bb global_colors_info=\u00bb{}\u00bb][et_pb_text _builder_version=\u00bb4.27.3&#8243; _module_preset=\u00bbdefault\u00bb background_color=\u00bb#FFFFFF\u00bb hover_enabled=\u00bb0&#8243; border_radii=\u00bbon|22px|22px|22px|22px\u00bb box_shadow_style=\u00bbpreset1&#8243; global_colors_info=\u00bb{}\u00bb sticky_enabled=\u00bb0&#8243;]<\/p>\n<h1 style=\"text-align: center;\"><strong><\/strong><\/h1>\n<h1 style=\"text-align: center;\"><strong><\/strong><\/h1>\n<table border=\"1\" style=\"border-collapse: collapse; width: 101.548%;\" height=\"127\">\n<tbody>\n<tr>\n<td style=\"width: 100%; background-color: #0f1b67;\">\n<h1 style=\"text-align: center;\"><span style=\"color: #ffffff;\">TRASTORNO D\u00c9FICIT ATENCI\u00d3N E HIPERACTIVIDAD (TDAH)<\/span><\/h1>\n<\/td>\n<\/tr>\n<\/tbody>\n<\/table>\n<table border=\"1\" style=\"border-collapse: collapse; width: 100%;\">\n<tbody>\n<tr>\n<td style=\"width: 29.8839%; border-color: #ffffff;\"><img loading=\"lazy\" decoding=\"async\" src=\"https:\/\/invanep.com\/congreso-2024\/wp-content\/uploads\/2023\/12\/German-Casas-300x300.jpg\" width=\"300\" height=\"300\" alt=\"\" class=\"wp-image-371 alignnone size-medium\" \/><\/td>\n<td style=\"width: 70.1161%; border-color: #ffffff;\">\n<h4><strong>Germ\u00e1n Casas<\/strong><\/h4>\n<p>Psiquiatra de ni\u00f1os y adolescentes.Profesor de la Facultad de Medicina de la Universidad de Los Andes, Bogot\u00e1, Colombia. Consultor de la OMS sobre Salud Mental Global.<\/p>\n<\/td>\n<\/tr>\n<tr>\n<td style=\"width: 29.8839%; border-color: #ffffff;\"><img loading=\"lazy\" decoding=\"async\" src=\"https:\/\/invanep.com\/congreso-2024\/wp-content\/uploads\/2023\/11\/Dr_Alberto_Fernandez.png\" width=\"160\" height=\"160\" alt=\"\" class=\"wp-image-352 alignnone size-full\" \/><\/td>\n<td style=\"width: 70.1161%; border-color: #ffffff;\">\n<h4><strong>Alberto Fern\u00e1ndez Ja\u00e9n<\/strong><\/h4>\n<p>Neuropediatra. Responsable de la Unidad de Neurolog\u00eda Infantil. Hospital Universitario Quir\u00f3n (Madrid).<\/p>\n<\/td>\n<\/tr>\n<tr>\n<td style=\"width: 29.8839%; border-color: #ffffff;\"><img loading=\"lazy\" decoding=\"async\" width=\"180\" height=\"180\" src=\"https:\/\/invanep.com\/congreso-2023\/wp-content\/uploads\/2022\/11\/Dr.-Cesar-Soutullo.png\" alt=\"\" class=\"size-medium alignnone\" \/><\/td>\n<td style=\"width: 70.1161%; border-color: #ffffff;\">\n<h4><strong>C\u00e9sar Soutullo<\/strong><\/h4>\n<p>John S Dunn Professor. Subdirector del Departamento. y Jefe de Psiquiatr\u00eda Infantil y<br \/>Adolescente. UTHealth Houston, Texas, USA<\/p>\n<h4><strong>\u00a0<\/strong><\/h4>\n<\/td>\n<\/tr>\n<tr>\n<td style=\"width: 29.8839%; border-color: #ffffff;\"><img loading=\"lazy\" decoding=\"async\" src=\"https:\/\/invanep.com\/congreso-2024\/wp-content\/uploads\/2023\/11\/idiazabal-300x300.jpg\" width=\"300\" height=\"300\" alt=\"\" class=\"wp-image-337 alignnone size-medium\" \/><\/td>\n<td style=\"width: 70.1161%; border-color: #ffffff;\">\n<h4><strong>Maria \u00c1ngeles <\/strong><strong>Idiaz\u00e1bal<\/strong><\/h4>\n<p>Neurofisi\u00f3loga Cl\u00ednica. M\u00e1ster Internacional en Electrodiagn\u00f3stico Neurol\u00f3gico. Directora del Instituto Neurocognitivo INCIA (Barcelona).<\/p>\n<\/td>\n<\/tr>\n<\/tbody>\n<\/table>\n<p>[\/et_pb_text][\/et_pb_column][\/et_pb_row][et_pb_row column_structure=\u00bb1_2,1_2&#8243; _builder_version=\u00bb4.23&#8243; _module_preset=\u00bbdefault\u00bb global_colors_info=\u00bb{}\u00bb][et_pb_column type=\u00bb1_2&#8243; _builder_version=\u00bb4.23&#8243; _module_preset=\u00bbdefault\u00bb global_colors_info=\u00bb{}\u00bb][et_pb_text _builder_version=\u00bb4.27.0&#8243; _module_preset=\u00bbdefault\u00bb background_color=\u00bb#FFFFFF\u00bb border_radii=\u00bbon|22px|22px|22px|22px\u00bb box_shadow_style=\u00bbpreset1&#8243; global_colors_info=\u00bb{}\u00bb]<\/p>\n<h1 style=\"text-align: center;\"><strong><\/strong><\/h1>\n<h1 style=\"text-align: center;\"><strong><\/strong><\/h1>\n<table border=\"1\" style=\"border-collapse: collapse; width: 100.774%;\" height=\"104\">\n<tbody>\n<tr>\n<td style=\"width: 100%; background-color: #0f1b67;\">\n<h1 style=\"text-align: center;\"><span style=\"color: #ffffff;\">TRASTORNO DEL ESPECTRO AUTISTA (TEA)<\/span><\/h1>\n<\/td>\n<\/tr>\n<\/tbody>\n<\/table>\n<p>&nbsp;<\/p>\n<table border=\"1\" style=\"border-collapse: collapse; width: 100%;\">\n<tbody>\n<tr>\n<td style=\"width: 29.8839%; border-color: #ffffff;\"><img loading=\"lazy\" decoding=\"async\" width=\"827\" height=\"827\" src=\"https:\/\/invanep.com\/congreso-2023\/wp-content\/uploads\/2022\/11\/Victor-Ruggieri.png\" alt=\"\" class=\"size-medium alignnone\" \/><\/td>\n<td style=\"width: 70.1161%; border-color: #ffffff;\">\n<h4><strong>V\u00edctor Ruggieri<\/strong><\/h4>\n<p>Neuropediatra. Miembro del Comit\u00e9 Cient\u00edfico de la Fundaci\u00f3n Hospital Garrahan (Buenos Aires. Argentina).<\/p>\n<\/td>\n<\/tr>\n<tr>\n<td style=\"width: 29.8839%; border-color: #ffffff;\"><img loading=\"lazy\" decoding=\"async\" width=\"565\" height=\"565\" src=\"https:\/\/invanep.com\/congreso-2023\/wp-content\/uploads\/2022\/11\/Dra_Amaia_Hervas.png\" alt=\"\" class=\"size-medium alignnone\" \/><\/td>\n<td style=\"width: 70.1161%; border-color: #ffffff;\">\n<h4><strong>Amaia Herv\u00e1s<\/strong><\/h4>\n<p>Jefe de Servicio Psiquiatria Infantil y juvenil Hospital Universitario Mutua Terrassa. Directora Clinica y Confundadora IGAIN. Barcelona.<\/p>\n<\/td>\n<\/tr>\n<tr>\n<td style=\"width: 29.8839%; border-color: #ffffff;\"><img loading=\"lazy\" decoding=\"async\" src=\"https:\/\/invanep.com\/congreso-2025\/wp-content\/uploads\/2024\/09\/Juan-Martos-268x300.jpg\" width=\"268\" height=\"300\" alt=\"\" class=\"wp-image-96 size-medium\" \/><\/td>\n<td style=\"width: 70.1161%; border-color: #ffffff;\">\n<h4><strong>Juan Martos<\/strong><\/h4>\n<p>Psic\u00f3logo. Fundador del Centro DELETREA, Madrid. Director acad\u00e9mico del curso de<br \/>Experto en Trastorno del Espectro Autista organizado por CTI y Universidad La Salle de Alicante.<\/p>\n<h4><strong>\u00a0<\/strong><\/h4>\n<\/td>\n<\/tr>\n<tr>\n<td style=\"width: 29.8839%; border-color: #ffffff;\"><img loading=\"lazy\" decoding=\"async\" width=\"1436\" height=\"1436\" src=\"https:\/\/invanep.com\/congreso-2023\/wp-content\/uploads\/2022\/11\/Mariano-Alcaniz.png\" alt=\"\" class=\"size-medium alignnone\" \/><\/td>\n<td style=\"width: 70.1161%; border-color: #ffffff;\">\n<h4><strong>Mariano Alca\u00f1iz<\/strong><\/h4>\n<p>Catedr\u00e1tico de Ingenier\u00eda Biom\u00e9dica de la Universidad Polit\u00e9cnica de Valencia. Director del Instituto LENl-I3B de la UPV (Valencia).<\/p>\n<\/td>\n<\/tr>\n<\/tbody>\n<\/table>\n<p>[\/et_pb_text][\/et_pb_column][et_pb_column type=\u00bb1_2&#8243; _builder_version=\u00bb4.23&#8243; _module_preset=\u00bbdefault\u00bb global_colors_info=\u00bb{}\u00bb][et_pb_text disabled_on=\u00bboff|off|off\u00bb _builder_version=\u00bb4.27.0&#8243; _module_preset=\u00bbdefault\u00bb background_color=\u00bb#FFFFFF\u00bb border_radii=\u00bbon|22px|22px|22px|22px\u00bb box_shadow_style=\u00bbpreset1&#8243; global_colors_info=\u00bb{}\u00bb]<\/p>\n<h1 style=\"text-align: center;\"><strong><\/strong><\/h1>\n<h1 style=\"text-align: center;\"><strong><\/strong><\/h1>\n<table border=\"1\" style=\"border-collapse: collapse; width: 101.741%;\" height=\"120\">\n<tbody>\n<tr>\n<td style=\"width: 100%; background-color: #0f1b67;\">\n<h1 style=\"text-align: center;\"><span style=\"color: #ffffff;\">T. LENGUJAE \/ T. APRENDIZAJE\u00a0<\/span><\/h1>\n<\/td>\n<\/tr>\n<\/tbody>\n<\/table>\n<table border=\"1\" style=\"border-collapse: collapse; width: 100%;\">\n<tbody>\n<tr>\n<td style=\"width: 29.8839%; border-color: #ffffff;\">\n<h4><img loading=\"lazy\" decoding=\"async\" width=\"250\" height=\"250\" src=\"https:\/\/invanep.com\/congreso-2023\/wp-content\/uploads\/2022\/11\/Inmaculada-Baixauli_recortada.png\" alt=\"\" class=\"size-medium alignnone\" \/><\/h4>\n<\/td>\n<td style=\"width: 70.1161%; border-color: #ffffff;\">\n<h4><strong>Inmaculada Baixauli<\/strong><\/h4>\n<p>Logopeda. Profesora de la Universidad Cat\u00f3lica de Valencia San Vicente M\u00e1rtir. (Valencia).<\/p>\n<\/td>\n<\/tr>\n<tr>\n<td style=\"width: 29.8839%; border-color: #ffffff;\"><img loading=\"lazy\" decoding=\"async\" width=\"390\" height=\"390\" src=\"https:\/\/invanep.com\/congreso-2023\/wp-content\/uploads\/2022\/11\/Dra_Sylvia_Sastre_i_Riba.png\" alt=\"\" class=\"size-medium alignnone\" \/><\/td>\n<td style=\"width: 70.1161%; border-color: #ffffff;\">\n<h4><strong>Sylvia Sastre-Riba<\/strong><\/h4>\n<p>Catedr\u00e1tica de Psicolog\u00eda Evolutiva y Educaci\u00f3n. Facultad de Psicolog\u00eda. Universidad de La Rioja (Logro\u00f1o).<\/p>\n<\/td>\n<\/tr>\n<tr>\n<td style=\"width: 29.8839%; border-color: #ffffff;\"><img loading=\"lazy\" decoding=\"async\" src=\"https:\/\/invanep.com\/congreso-2025\/wp-content\/uploads\/2024\/09\/Soriano-Ferrer-Manuel-e1726472912929-300x300.jpg\" width=\"300\" height=\"300\" alt=\"\" class=\"wp-image-92 alignnone size-medium\" \/><\/td>\n<td style=\"width: 70.1161%; border-color: #ffffff;\">\n<h4><strong>Manuel Soriano<\/strong><\/h4>\n<p>Psic\u00f3logo. Profesor Titular de Psicolog\u00eda Evolutiva y Educaci\u00f3n. Facultad de Psicolog\u00eda.<br \/>Universidad de Valencia<\/p>\n<\/td>\n<\/tr>\n<\/tbody>\n<\/table>\n<p>[\/et_pb_text][\/et_pb_column][\/et_pb_row][\/et_pb_section][et_pb_section fb_built=\u00bb1&#8243; _builder_version=\u00bb4.27.0&#8243; _module_preset=\u00bbdefault\u00bb bottom_divider_style=\u00bbramp\u00bb bottom_divider_color=\u00bb#00208A\u00bb global_module=\u00bb37&#8243; locked=\u00bboff\u00bb global_colors_info=\u00bb{}\u00bb][et_pb_row column_structure=\u00bb1_2,1_2&#8243; _builder_version=\u00bb4.17.4&#8243; _module_preset=\u00bbdefault\u00bb global_colors_info=\u00bb{}\u00bb][et_pb_column type=\u00bb1_2&#8243; _builder_version=\u00bb4.17.4&#8243; _module_preset=\u00bbdefault\u00bb global_colors_info=\u00bb{}\u00bb][et_pb_text _builder_version=\u00bb4.17.4&#8243; _module_preset=\u00bbdefault\u00bb background_color=\u00bb#00457A\u00bb custom_margin=\u00bb-2px||||false|false\u00bb custom_padding=\u00bb11px||||false|false\u00bb global_colors_info=\u00bb{}\u00bb]<\/p>\n<h4 style=\"text-align: center;\"><span style=\"color: #ffffff;\">ORGANIZACI\u00d3N<\/span><\/h4>\n<p>[\/et_pb_text][\/et_pb_column][et_pb_column type=\u00bb1_2&#8243; _builder_version=\u00bb4.17.4&#8243; _module_preset=\u00bbdefault\u00bb global_colors_info=\u00bb{}\u00bb][et_pb_text _builder_version=\u00bb4.17.4&#8243; _module_preset=\u00bbdefault\u00bb background_color=\u00bb#00457A\u00bb custom_margin=\u00bb-2px||||false|false\u00bb custom_padding=\u00bb11px||||false|false\u00bb global_colors_info=\u00bb{}\u00bb]<\/p>\n<h4 style=\"text-align: center;\"><span style=\"color: #ffffff;\">SECRETAR\u00cdA T\u00c9CNICA<\/span><\/h4>\n<p>[\/et_pb_text][\/et_pb_column][\/et_pb_row][et_pb_row column_structure=\u00bb1_4,1_4,1_4,1_4&#8243; _builder_version=\u00bb4.17.4&#8243; _module_preset=\u00bbdefault\u00bb global_colors_info=\u00bb{}\u00bb][et_pb_column type=\u00bb1_4&#8243; _builder_version=\u00bb4.17.4&#8243; _module_preset=\u00bbdefault\u00bb global_colors_info=\u00bb{}\u00bb][et_pb_image src=\u00bbhttps:\/\/invanep.com\/congreso-2024\/wp-content\/uploads\/2023\/05\/logo_INVANEP.jpg\u00bb title_text=\u00bblogo_INVANEP\u00bb _builder_version=\u00bb4.17.4&#8243; _module_preset=\u00bbdefault\u00bb global_colors_info=\u00bb{}\u00bb][\/et_pb_image][\/et_pb_column][et_pb_column type=\u00bb1_4&#8243; _builder_version=\u00bb4.17.4&#8243; _module_preset=\u00bbdefault\u00bb global_colors_info=\u00bb{}\u00bb][et_pb_text _builder_version=\u00bb4.17.4&#8243; _module_preset=\u00bbdefault\u00bb global_colors_info=\u00bb{}\u00bb]<\/p>\n<h3 class=\"et_pb_module_header\"><a href=\"https:\/\/invanep.com\/\">SECRETAR\u00cdA CIENT\u00cdFICA y ORGANIZACI\u00d3N DEL CONGRESO<\/a><\/h3>\n<div class=\"et_pb_blurb_description\">\n<p><strong><a rel=\"noreferrer noopener\" href=\"https:\/\/invanep.com\/\" target=\"_blank\">Instituto Valenciano de Neurolog\u00eda Pedi\u00e1trica (INVANEP)<\/a><br \/>Calle Artes Gr\u00e1ficas 23, bajo. 46010-Valencia<br \/>Tf: (+ 34)96 361 33 00<br \/><a href=\"https:\/\/www.invanep.com\/\">www.invanep.com<\/a><br \/><a href=\"mailto:secretaria@invanep.com\">secretaria@invanep.com<\/a><\/strong><\/p>\n<\/div>\n<p>[\/et_pb_text][\/et_pb_column][et_pb_column type=\u00bb1_4&#8243; _builder_version=\u00bb4.17.4&#8243; _module_preset=\u00bbdefault\u00bb global_colors_info=\u00bb{}\u00bb][et_pb_image src=\u00bbhttps:\/\/invanep.com\/congreso-2024\/wp-content\/uploads\/2023\/05\/Cartel-Entrada.png\u00bb title_text=\u00bbCartel Entrada\u00bb _builder_version=\u00bb4.17.4&#8243; _module_preset=\u00bbdefault\u00bb global_colors_info=\u00bb{}\u00bb][\/et_pb_image][\/et_pb_column][et_pb_column type=\u00bb1_4&#8243; _builder_version=\u00bb4.17.4&#8243; _module_preset=\u00bbdefault\u00bb global_colors_info=\u00bb{}\u00bb][et_pb_text _builder_version=\u00bb4.17.4&#8243; _module_preset=\u00bbdefault\u00bb global_colors_info=\u00bb{}\u00bb]<\/p>\n<h3 class=\"et_pb_module_header\"><a href=\"https:\/\/www.theoriacongresos.com\/\" target=\"_blank\" rel=\"noopener\">SECRETAR\u00cdA T\u00c9CNICA (inscripciones y consultas)<\/a><\/h3>\n<div class=\"et_pb_blurb_description\">\n<p><a href=\"https:\/\/www.theoriacongresos.com\/\" target=\"_blank\" rel=\"noreferrer noopener\"><strong>THEORIA Congresos<\/strong><\/a><br \/><strong>Calle Gasc\u00f3 Oliag, n\u00ba 6, puerta 4. 46010 Valencia<\/strong><br \/><strong>Tf: (+ 34)960 72 82 12<\/strong><br \/><strong><a rel=\"noreferrer noopener\" href=\"mailto:info@theoriacongresos.com\" target=\"_blank\">info@theoriacongresos.com<\/a><\/strong><\/p>\n<\/div>\n<p>[\/et_pb_text][\/et_pb_column][\/et_pb_row][\/et_pb_section][et_pb_section fb_built=\u00bb1&#8243; _builder_version=\u00bb4.27.0&#8243; _module_preset=\u00bbdefault\u00bb background_color=\u00bb#00208A\u00bb bottom_divider_style=\u00bbramp\u00bb bottom_divider_color=\u00bb#FFFFFF\u00bb bottom_divider_height=\u00bb122px\u00bb global_module=\u00bb46&#8243; global_colors_info=\u00bb{}\u00bb][\/et_pb_section][et_pb_section fb_built=\u00bb1&#8243; _builder_version=\u00bb4.17.4&#8243; _module_preset=\u00bbdefault\u00bb global_module=\u00bb33&#8243; saved_tabs=\u00bball\u00bb locked=\u00bboff\u00bb global_colors_info=\u00bb{}\u00bb][et_pb_row column_structure=\u00bb1_2,1_2&#8243; _builder_version=\u00bb4.17.4&#8243; _module_preset=\u00bbdefault\u00bb global_colors_info=\u00bb{}\u00bb][et_pb_column type=\u00bb1_2&#8243; _builder_version=\u00bb4.17.4&#8243; _module_preset=\u00bbdefault\u00bb global_colors_info=\u00bb{}\u00bb][et_pb_image src=\u00bbhttps:\/\/invanep.com\/congreso-2024\/wp-content\/uploads\/2023\/06\/THEORIA-CongresosNAR.png\u00bb title_text=\u00bbTHEORIA-CongresosNAR\u00bb _builder_version=\u00bb4.17.4&#8243; _module_preset=\u00bbdefault\u00bb width=\u00bb25%\u00bb global_colors_info=\u00bb{}\u00bb][\/et_pb_image][et_pb_text _builder_version=\u00bb4.27.0&#8243; _module_preset=\u00bbdefault\u00bb background_color=\u00bb#FFFFFF\u00bb custom_margin=\u00bb-7px||||false|false\u00bb global_colors_info=\u00bb{}\u00bb]<\/p>\n<div class=\"et_pb_module et_pb_text et_pb_text_28  et_pb_text_align_left et_pb_bg_layout_light\">\n<div class=\"et_pb_text_inner\">\n<h5><span style=\"color: #808080;\">Puedes ponerte en contacto con nosotros a trav\u00e9s de este formulario, enviando un correo o por tel\u00e9fono.<\/span><\/h5>\n<p><span style=\"color: #808080;\"><\/span><\/p>\n<p><span style=\"color: #808080;\"><\/span><\/p>\n<h5><span style=\"color: #0000ff;\"><a href=\"mailto:info@theoriacongresos.com\" target=\"_blank\" rel=\"noopener\" style=\"font-size: 16px; color: #0000ff;\">info@theoriacongresos.com<\/a><\/span><\/h5>\n<h5><span style=\"color: #0000ff;\"><a href=\"http:\/\/57.67.140.148\/\" target=\"_blank\" rel=\"noopener\" style=\"font-size: 16px; color: #0000ff;\">960 72 82 12<\/a><\/span><\/h5>\n<\/div>\n<\/div>\n<p>[\/et_pb_text][\/et_pb_column][et_pb_column type=\u00bb1_2&#8243; _builder_version=\u00bb4.17.4&#8243; _module_preset=\u00bbdefault\u00bb global_colors_info=\u00bb{}\u00bb][et_pb_contact_form email=\u00bbinfo@theoriacongresos.com\u00bb custom_message=\u00bbMensaje enviado desde INVANEP 2025||et_pb_line_break_holder||||et_pb_line_break_holder||Nombre: %%Name%%||et_pb_line_break_holder||Correo: %%Email%%||et_pb_line_break_holder||Mensaje: %%Message%%||et_pb_line_break_holder||\u00bb _builder_version=\u00bb4.27.0&#8243; _module_preset=\u00bbdefault\u00bb _unique_id=\u00bb7750ce6f-7668-47f6-a4f7-f8f5b34c8072&#8243; global_colors_info=\u00bb{}\u00bb][et_pb_contact_field field_id=\u00bbName\u00bb field_title=\u00bbNombre\u00bb _builder_version=\u00bb4.16&#8243; global_colors_info=\u00bb{}\u00bb button_text_size__hover_enabled=\u00bboff\u00bb button_one_text_size__hover_enabled=\u00bboff\u00bb button_two_text_size__hover_enabled=\u00bboff\u00bb button_text_color__hover_enabled=\u00bboff\u00bb button_one_text_color__hover_enabled=\u00bboff\u00bb button_two_text_color__hover_enabled=\u00bboff\u00bb button_border_width__hover_enabled=\u00bboff\u00bb button_one_border_width__hover_enabled=\u00bboff\u00bb button_two_border_width__hover_enabled=\u00bboff\u00bb button_border_color__hover_enabled=\u00bboff\u00bb button_one_border_color__hover_enabled=\u00bboff\u00bb button_two_border_color__hover_enabled=\u00bboff\u00bb button_border_radius__hover_enabled=\u00bboff\u00bb button_one_border_radius__hover_enabled=\u00bboff\u00bb button_two_border_radius__hover_enabled=\u00bboff\u00bb button_letter_spacing__hover_enabled=\u00bboff\u00bb button_one_letter_spacing__hover_enabled=\u00bboff\u00bb button_two_letter_spacing__hover_enabled=\u00bboff\u00bb button_bg_color__hover_enabled=\u00bboff\u00bb button_one_bg_color__hover_enabled=\u00bboff\u00bb button_two_bg_color__hover_enabled=\u00bboff\u00bb][\/et_pb_contact_field][et_pb_contact_field field_id=\u00bbEmail\u00bb field_title=\u00bbDirecci\u00f3n de correo electr\u00f3nico\u00bb field_type=\u00bbemail\u00bb _builder_version=\u00bb4.16&#8243; global_colors_info=\u00bb{}\u00bb button_text_size__hover_enabled=\u00bboff\u00bb button_one_text_size__hover_enabled=\u00bboff\u00bb button_two_text_size__hover_enabled=\u00bboff\u00bb button_text_color__hover_enabled=\u00bboff\u00bb button_one_text_color__hover_enabled=\u00bboff\u00bb button_two_text_color__hover_enabled=\u00bboff\u00bb button_border_width__hover_enabled=\u00bboff\u00bb button_one_border_width__hover_enabled=\u00bboff\u00bb button_two_border_width__hover_enabled=\u00bboff\u00bb button_border_color__hover_enabled=\u00bboff\u00bb button_one_border_color__hover_enabled=\u00bboff\u00bb button_two_border_color__hover_enabled=\u00bboff\u00bb button_border_radius__hover_enabled=\u00bboff\u00bb button_one_border_radius__hover_enabled=\u00bboff\u00bb button_two_border_radius__hover_enabled=\u00bboff\u00bb button_letter_spacing__hover_enabled=\u00bboff\u00bb button_one_letter_spacing__hover_enabled=\u00bboff\u00bb button_two_letter_spacing__hover_enabled=\u00bboff\u00bb button_bg_color__hover_enabled=\u00bboff\u00bb button_one_bg_color__hover_enabled=\u00bboff\u00bb button_two_bg_color__hover_enabled=\u00bboff\u00bb][\/et_pb_contact_field][et_pb_contact_field field_id=\u00bbMessage\u00bb field_title=\u00bbMensaje\u00bb field_type=\u00bbtext\u00bb fullwidth_field=\u00bbon\u00bb _builder_version=\u00bb4.16&#8243; global_colors_info=\u00bb{}\u00bb button_text_size__hover_enabled=\u00bboff\u00bb button_one_text_size__hover_enabled=\u00bboff\u00bb button_two_text_size__hover_enabled=\u00bboff\u00bb button_text_color__hover_enabled=\u00bboff\u00bb button_one_text_color__hover_enabled=\u00bboff\u00bb button_two_text_color__hover_enabled=\u00bboff\u00bb button_border_width__hover_enabled=\u00bboff\u00bb button_one_border_width__hover_enabled=\u00bboff\u00bb button_two_border_width__hover_enabled=\u00bboff\u00bb button_border_color__hover_enabled=\u00bboff\u00bb button_one_border_color__hover_enabled=\u00bboff\u00bb button_two_border_color__hover_enabled=\u00bboff\u00bb button_border_radius__hover_enabled=\u00bboff\u00bb button_one_border_radius__hover_enabled=\u00bboff\u00bb button_two_border_radius__hover_enabled=\u00bboff\u00bb button_letter_spacing__hover_enabled=\u00bboff\u00bb button_one_letter_spacing__hover_enabled=\u00bboff\u00bb button_two_letter_spacing__hover_enabled=\u00bboff\u00bb button_bg_color__hover_enabled=\u00bboff\u00bb button_one_bg_color__hover_enabled=\u00bboff\u00bb button_two_bg_color__hover_enabled=\u00bboff\u00bb][\/et_pb_contact_field][et_pb_contact_field field_id=\u00bbField_5&#8243; field_title=\u00bb \u00bb field_type=\u00bbcheckbox\u00bb checkbox_options=\u00bb%91{%22value%22:%22Acepto la %22,%22checked%22:0,%22dragID%22:-1,%22link_url%22:%22https:\/\/invanep.com\/congreso-2024\/politica-de-privacidad\/%22,%22link_text%22:%22Pol\u00edtica de Privacidad%22}%93&#8243; fullwidth_field=\u00bbon\u00bb _builder_version=\u00bb4.23&#8243; _module_preset=\u00bbdefault\u00bb global_colors_info=\u00bb{}\u00bb][\/et_pb_contact_field][\/et_pb_contact_form][et_pb_code _builder_version=\u00bb4.23&#8243; _module_preset=\u00bbdefault\u00bb global_colors_info=\u00bb{}\u00bb]<script><!-- [et_pb_line_break_holder] -->(function( $ ) {<!-- [et_pb_line_break_holder] -->   $(document).ready(function(){<!-- [et_pb_line_break_holder] -->     <!-- [et_pb_line_break_holder] -->    <!-- [et_pb_line_break_holder] -->     var URLactual = window.location;<!-- [et_pb_line_break_holder] -->    <!-- [et_pb_line_break_holder] --> document.querySelector('p[data-id=\"link\"] input').setAttribute('value', URLactual);<!-- [et_pb_line_break_holder] -->   });  <!-- [et_pb_line_break_holder] -->})( jQuery );<!-- [et_pb_line_break_holder] --><\/script><!-- [et_pb_line_break_holder] --><\/p>\n<style><!-- [et_pb_line_break_holder] -->  p[data-id=\"link\"] {<!-- [et_pb_line_break_holder] -->    margin-bottom:0px;<!-- [et_pb_line_break_holder] -->    height:0px;<!-- [et_pb_line_break_holder] -->  }<!-- [et_pb_line_break_holder] -->  <!-- [et_pb_line_break_holder] -->  p[data-id=\"link\"] input {<!-- [et_pb_line_break_holder] -->     visibility:hidden;<!-- [et_pb_line_break_holder] -->height:0px;<!-- [et_pb_line_break_holder] -->  }<!-- [et_pb_line_break_holder] -->  <!-- [et_pb_line_break_holder] --><\/style>\n<p><!-- [et_pb_line_break_holder] -->[\/et_pb_code][\/et_pb_column][\/et_pb_row][\/et_pb_section]<\/p>\n","protected":false},"excerpt":{"rendered":"<p>Valencia, 7 y 8 de marzo de 2025 Jornadas de tarde (d\u00eda 7) y de ma\u00f1ana (d\u00eda 8). PRESENCIAL \/ ON LINE. NEURODESARROLLO &nbsp; Salvador Mart\u00ednez Catedr\u00e1tico del Dpto. de Histolog\u00eda y Anatom\u00eda Humana, F. de Medicina de la Universidad Miguel Hern\u00e1ndez, Elche. Investigador del Instituto de Neurociencias. Director del laboratorio de Embriolog\u00eda Experimental del [&hellip;]<\/p>\n","protected":false},"author":1,"featured_media":0,"parent":0,"menu_order":0,"comment_status":"closed","ping_status":"closed","template":"","meta":{"_et_pb_use_builder":"on","_et_pb_old_content":"","_et_gb_content_width":"","footnotes":""},"class_list":["post-88","page","type-page","status-publish","hentry"],"_links":{"self":[{"href":"https:\/\/invanep.com\/congreso-2025\/wp-json\/wp\/v2\/pages\/88","targetHints":{"allow":["GET"]}}],"collection":[{"href":"https:\/\/invanep.com\/congreso-2025\/wp-json\/wp\/v2\/pages"}],"about":[{"href":"https:\/\/invanep.com\/congreso-2025\/wp-json\/wp\/v2\/types\/page"}],"author":[{"embeddable":true,"href":"https:\/\/invanep.com\/congreso-2025\/wp-json\/wp\/v2\/users\/1"}],"replies":[{"embeddable":true,"href":"https:\/\/invanep.com\/congreso-2025\/wp-json\/wp\/v2\/comments?post=88"}],"version-history":[{"count":6,"href":"https:\/\/invanep.com\/congreso-2025\/wp-json\/wp\/v2\/pages\/88\/revisions"}],"predecessor-version":[{"id":158,"href":"https:\/\/invanep.com\/congreso-2025\/wp-json\/wp\/v2\/pages\/88\/revisions\/158"}],"wp:attachment":[{"href":"https:\/\/invanep.com\/congreso-2025\/wp-json\/wp\/v2\/media?parent=88"}],"curies":[{"name":"wp","href":"https:\/\/api.w.org\/{rel}","templated":true}]}}