{"id":64,"date":"2024-09-13T11:00:56","date_gmt":"2024-09-13T11:00:56","guid":{"rendered":"https:\/\/invanep.com\/congreso-2025\/?page_id=64"},"modified":"2025-11-20T16:56:01","modified_gmt":"2025-11-20T16:56:01","slug":"comunicaciones","status":"publish","type":"page","link":"https:\/\/invanep.com\/congreso-2025\/comunicaciones\/","title":{"rendered":"COMUNICACIONES"},"content":{"rendered":"<p>[et_pb_section fb_built=\u00bb1&#8243; _builder_version=\u00bb4.27.0&#8243; _module_preset=\u00bbdefault\u00bb background_image=\u00bbhttps:\/\/invanep.com\/congreso-2025\/wp-content\/uploads\/2024\/09\/BANNER.jpg\u00bb bottom_divider_style=\u00bbramp\u00bb bottom_divider_color=\u00bb#00208A\u00bb bottom_divider_height=\u00bb49px\u00bb global_module=\u00bb45&#8243; global_colors_info=\u00bb{}\u00bb][et_pb_row _builder_version=\u00bb4.17.4&#8243; _module_preset=\u00bbdefault\u00bb width=\u00bb100%\u00bb max_width=\u00bb989px\u00bb global_colors_info=\u00bb{}\u00bb][et_pb_column type=\u00bb4_4&#8243; _builder_version=\u00bb4.17.4&#8243; _module_preset=\u00bbdefault\u00bb global_colors_info=\u00bb{}\u00bb][et_pb_image src=\u00bbhttps:\/\/invanep.com\/congreso-2025\/wp-content\/uploads\/2024\/09\/titulo.png\u00bb title_text=\u00bbtitulo\u00bb _builder_version=\u00bb4.17.4&#8243; _module_preset=\u00bbdefault\u00bb positioning=\u00bbrelative\u00bb horizontal_offset=\u00bb45px\u00bb max_width=\u00bb500%\u00bb custom_margin=\u00bb-57px|-301px|-57px|-301px|true|true\u00bb custom_padding=\u00bb0px|0px||0px|false|false\u00bb global_colors_info=\u00bb{}\u00bb][\/et_pb_image][\/et_pb_column][\/et_pb_row][\/et_pb_section][et_pb_section fb_built=\u00bb1&#8243; _builder_version=\u00bb4.27.0&#8243; _module_preset=\u00bbdefault\u00bb background_color=\u00bb#00208A\u00bb bottom_divider_style=\u00bbramp\u00bb bottom_divider_color=\u00bb#FFFFFF\u00bb bottom_divider_height=\u00bb122px\u00bb global_module=\u00bb46&#8243; global_colors_info=\u00bb{}\u00bb][\/et_pb_section][et_pb_section fb_built=\u00bb1&#8243; _builder_version=\u00bb4.27.0&#8243; _module_preset=\u00bbdefault\u00bb custom_padding=\u00bb||14px|||\u00bb global_module=\u00bb58&#8243; saved_tabs=\u00bball\u00bb global_colors_info=\u00bb{}\u00bb][et_pb_row _builder_version=\u00bb4.27.4&#8243; _module_preset=\u00bbdefault\u00bb hover_enabled=\u00bb0&#8243; global_colors_info=\u00bb{}\u00bb sticky_enabled=\u00bb0&#8243;][et_pb_column type=\u00bb4_4&#8243; _builder_version=\u00bb4.27.0&#8243; _module_preset=\u00bbdefault\u00bb global_colors_info=\u00bb{}\u00bb][et_pb_post_title meta=\u00bboff\u00bb featured_image=\u00bboff\u00bb _builder_version=\u00bb4.27.4&#8243; _module_preset=\u00bbdefault\u00bb title_text_color=\u00bb#00208A\u00bb title_font_size=\u00bb46px\u00bb hover_enabled=\u00bb0&#8243; border_width_bottom=\u00bb5px\u00bb border_color_bottom=\u00bb#00208A\u00bb global_colors_info=\u00bb{}\u00bb sticky_enabled=\u00bb0&#8243;][\/et_pb_post_title][\/et_pb_column][\/et_pb_row][\/et_pb_section][et_pb_section fb_built=\u00bb1&#8243; _builder_version=\u00bb4.27.0&#8243; _module_preset=\u00bbdefault\u00bb background_color=\u00bbRGBA(255,255,255,0)\u00bb custom_margin=\u00bb-95px||||false|false\u00bb bottom_divider_color=\u00bb#00208A\u00bb locked=\u00bboff\u00bb global_colors_info=\u00bb{}\u00bb][et_pb_row _builder_version=\u00bb4.22.2&#8243; _module_preset=\u00bbdefault\u00bb global_colors_info=\u00bb{}\u00bb][et_pb_column type=\u00bb4_4&#8243; _builder_version=\u00bb4.22.2&#8243; _module_preset=\u00bbdefault\u00bb global_colors_info=\u00bb{}\u00bb][et_pb_button button_url=\u00bbhttps:\/\/www.theoriacongresos.com\/invanep2025ins\/formulario-comunicaciones\/posters-e\/\u00bb url_new_window=\u00bbon\u00bb button_text=\u00bbP\u00d3STERS ELECTR\u00d3NICOS\u00bb button_alignment=\u00bbcenter\u00bb disabled_on=\u00bboff|off|off\u00bb _builder_version=\u00bb4.27.4&#8243; _module_preset=\u00bbdefault\u00bb custom_button=\u00bbon\u00bb button_text_size=\u00bb29px\u00bb button_text_color=\u00bb#FFFFFF\u00bb button_bg_color=\u00bb#0C71C3&#8243; button_border_radius=\u00bb30px\u00bb button_font=\u00bb|700|||||||\u00bb button_text_shadow_style=\u00bbpreset1&#8243; box_shadow_style=\u00bbpreset1&#8243; global_colors_info=\u00bb{}\u00bb][\/et_pb_button][et_pb_text _builder_version=\u00bb4.27.4&#8243; _module_preset=\u00bbdefault\u00bb hover_enabled=\u00bb0&#8243; global_colors_info=\u00bb{}\u00bb sticky_enabled=\u00bb0&#8243;]<\/p>\n<h3 style=\"text-align: center;\">\u00danicamente se aceptan presentaciones tipo POSTERS. El env\u00edo de los abstracts implica la aceptaci\u00f3n de todas las normas y\u00a0deber\u00e1n remitirse\u00a0<span style=\"text-decoration: underline;\">antes del<\/span><strong><span style=\"text-decoration: underline;\"> 19 de enero 2025<\/span>.<\/strong><\/h3>\n<p><strong><\/strong><\/p>\n<p><strong><\/strong><\/p>\n<h3 style=\"text-align: center;\"><span style=\"text-decoration: underline;\">Los res\u00famenes admitidos ser\u00e1n publicados en la revista MEDICINA en la que se publican los manuscritos de las conferencias del XXVII Congreso<\/span>.<\/h3>\n<p><strong><\/strong><\/p>\n<p><strong><\/strong><\/p>\n<h3 style=\"text-align: center;\">En caso de ser aceptado y para que el res\u00famen se publique en la revista MEDICINA, alguno de los autores deber\u00e1n estar inscritos al Congreso<strong> antes del 24 de enero 2025, <\/strong>no siendo v\u00e1lido una sola inscripci\u00f3n para m\u00e1s de una comunicaci\u00f3n.<\/h3>\n<p>[\/et_pb_text][\/et_pb_column][\/et_pb_row][et_pb_row _builder_version=\u00bb4.27.4&#8243; _module_preset=\u00bbdefault\u00bb hover_enabled=\u00bb0&#8243; global_colors_info=\u00bb{}\u00bb sticky_enabled=\u00bb0&#8243;][et_pb_column type=\u00bb4_4&#8243; _builder_version=\u00bb4.22.2&#8243; _module_preset=\u00bbdefault\u00bb global_colors_info=\u00bb{}\u00bb][et_pb_text _builder_version=\u00bb4.27.4&#8243; _module_preset=\u00bbdefault\u00bb header_4_font=\u00bbAlbert Sans||||||||\u00bb header_4_line_height=\u00bb1.2em\u00bb background_color=\u00bb#00208A\u00bb custom_padding=\u00bb27px|22px|27px|22px|true|true\u00bb hover_enabled=\u00bb0&#8243; border_radii=\u00bbon|24px|24px|24px|24px\u00bb box_shadow_style=\u00bbpreset1&#8243; global_colors_info=\u00bb{}\u00bb sticky_enabled=\u00bb0&#8243;]<\/p>\n<h4><span style=\"color: #ffffff; font-size: 18px;\">1. <\/span><strong style=\"color: #ffffff; font-size: 18px;\"><\/strong><strong style=\"color: #ffffff; font-size: 18px;\">El env\u00edo de los res\u00famenes se har\u00e1 <span style=\"text-decoration-line: underline;\">a trav\u00e9s del formulario<\/span> e incluir\u00e1 la siguiente informaci\u00f3n:<\/strong><span style=\"color: #ffffff;\"><\/span><\/h4>\n<p><span style=\"color: #ffffff;\"><strong><\/strong><\/span><\/p>\n<h4><span style=\"color: #ffffff;\">\u2022\u00a0<strong>T\u00edtulo:<\/strong> se redactar\u00e1 en may\u00fasculas, sin abreviaciones ni palabras subrayadas. No se admiten acr\u00f3nimos.<\/span><\/h4>\n<h4><span style=\"color: #ffffff;\"><\/span><\/h4>\n<h4><span style=\"color: #ffffff;\">\u2022\u00a0<strong>Autores<\/strong>: nombre y apellido de todos los autores empezando por el autor principal. Cuando un autor aparece en m\u00e1s de un trabajo su nombre deber\u00e1 figurar siempre de la misma forma.<\/span><\/h4>\n<p><span style=\"color: #ffffff;\"><\/span><\/p>\n<h4><span style=\"color: #ffffff;\">*No sobrepasar un n\u00famero m\u00e1ximo de 6 firmantes<\/span><\/h4>\n<p><span style=\"color: #ffffff;\"><\/span><\/p>\n<h4><span style=\"color: #ffffff;\"><\/span><\/h4>\n<h4><span style=\"color: #ffffff;\">\u2022\u00a0<strong>Centro de trabajo:<\/strong> debe aparecer el servicio y centro de trabajo de cada uno de los autores. <u>Se deben omitir los t\u00edtulos y posiciones acad\u00e9micas o administrativas de los autores<\/u><\/span><\/h4>\n<h4><span style=\"color: #ffffff;\"><\/span><\/h4>\n<h4><span style=\"color: #ffffff;\"><\/span><\/h4>\n<h4><span style=\"color: #ffffff;\">*<strong>\u00a0<\/strong>La presentaci\u00f3n final ser\u00e1<strong>\u00a0en formato poster<\/strong>. Los posters admitidos ser\u00e1n expuestos en la web del congreso. siendo la <u>fecha l\u00edmite de su recepci\u00f3n el 24 Febrero 2025<\/u>.<\/span><\/h4>\n<h4><\/h4>\n<p><span style=\"color: #ffffff;\"><\/span><\/p>\n<p>[\/et_pb_text][et_pb_text _builder_version=\u00bb4.27.4&#8243; _module_preset=\u00bbdefault\u00bb header_4_font=\u00bbAlbert Sans||||||||\u00bb header_4_line_height=\u00bb1.2em\u00bb background_color=\u00bb#00208A\u00bb custom_padding=\u00bb27px|22px|27px|22px|true|true\u00bb hover_enabled=\u00bb0&#8243; border_radii=\u00bbon|24px|24px|24px|24px\u00bb box_shadow_style=\u00bbpreset1&#8243; global_colors_info=\u00bb{}\u00bb sticky_enabled=\u00bb0&#8243;]<\/p>\n<h4><span style=\"color: #ffffff;\">2.\u00a0<strong>Los res\u00famenes se estructurar\u00e1n seg\u00fan el esquema siguiente:<\/strong><\/span><\/h4>\n<h4><span style=\"color: #ffffff;\"><\/span><\/h4>\n<h4><span style=\"color: #ffffff;\">\u2022 Se dividir\u00e1 el resumen en los siguientes apartados:<\/span><\/h4>\n<h4><span style=\"color: #ffffff;\"><\/span><\/h4>\n<h4><span style=\"color: #ffffff;\">\u2013 Introducci\u00f3n.\u00a0<\/span><\/h4>\n<h4><span style=\"color: #ffffff;\"><\/span><\/h4>\n<h4><span style=\"color: #ffffff;\">\u2013 Objetivos.\u00a0<\/span><\/h4>\n<h4><span style=\"color: #ffffff;\"><\/span><\/h4>\n<h4><span style=\"color: #ffffff;\">\u2013 Pacientes y m\u00e9todo.<\/span><\/h4>\n<h4><span style=\"color: #ffffff;\"><\/span><\/h4>\n<h4><span style=\"color: #ffffff;\">\u2013 Resultados.\u00a0<\/span><\/h4>\n<h4><span style=\"color: #ffffff;\"><\/span><\/h4>\n<h4><span style=\"color: #ffffff;\">\u2013\u00a0Conclusiones.<\/span><\/h4>\n<h4><span style=\"color: #ffffff;\"><\/span><\/h4>\n<h4><span style=\"color: #ffffff;\">Con la adaptaci\u00f3n pertinente para casos cl\u00ednicos (Introducci\u00f3n. Caso Cl\u00ednico. Conclusiones).<\/span><\/h4>\n<p>[\/et_pb_text][et_pb_text _builder_version=\u00bb4.22.2&#8243; _module_preset=\u00bbdefault\u00bb header_4_font=\u00bbAlbert Sans||||||||\u00bb header_4_line_height=\u00bb1.2em\u00bb background_color=\u00bb#00208A\u00bb custom_padding=\u00bb27px|22px|27px|22px|true|true\u00bb border_radii=\u00bbon|24px|24px|24px|24px\u00bb box_shadow_style=\u00bbpreset1&#8243; global_colors_info=\u00bb{}\u00bb]<\/p>\n<h4><span style=\"color: #ffffff;\">3.\u00a0<strong>El texto no incluir\u00e1 referencias al nombre del centro de trabajo ni identificaci\u00f3n con una iniciativa empresarial o laboratorio.\u00a0<\/strong><\/span><\/h4>\n<h4><span style=\"color: #ffffff;\"><\/span><\/h4>\n<h4><span style=\"color: #ffffff;\">\u2013 No a\u00f1ada punto y aparte al final de cada apartado.<\/span><\/h4>\n<h4><span style=\"color: #ffffff;\"><\/span><\/h4>\n<h4><span style=\"color: #ffffff;\">\u2013 Extensi\u00f3n m\u00e1xima: 250 palabras.<\/span><span style=\"color: #ffffff;\"><\/span><span style=\"color: #ffffff;\"><\/span><\/h4>\n<h4><\/h4>\n<h4><span style=\"color: #ffffff;\">\u2013 No se admiten tablas gr\u00e1ficas ni im\u00e1genes ni bibliograf\u00eda.<\/span><\/h4>\n<p>[\/et_pb_text][et_pb_text _builder_version=\u00bb4.27.0&#8243; _module_preset=\u00bbdefault\u00bb header_4_font=\u00bbAlbert Sans||||||||\u00bb header_4_line_height=\u00bb1.2em\u00bb background_color=\u00bb#00208A\u00bb custom_padding=\u00bb27px|22px|27px|22px|true|true\u00bb border_radii=\u00bbon|24px|24px|24px|24px\u00bb box_shadow_style=\u00bbpreset1&#8243; global_colors_info=\u00bb{}\u00bb]<\/p>\n<h4><span style=\"color: #ffffff;\">4.\u00a0<strong>Cada poster debe incluir un inscrito al congreso, sin duplicidad de una misma inscripci\u00f3n para distintos posters.<\/strong><\/span><\/h4>\n<h4><span style=\"color: #ffffff;\"><\/span><\/h4>\n<h4><span style=\"color: #ffffff;\">\u2013 Los res\u00famenes admitidos ser\u00e1n publicados en la revista MEDICINA en la que se publican los manuscritos de las conferencias del XXVII Congreso.<\/span><\/h4>\n<p>[\/et_pb_text][et_pb_text _builder_version=\u00bb4.27.0&#8243; _module_preset=\u00bbdefault\u00bb header_4_font=\u00bbAlbert Sans||||||||\u00bb header_4_line_height=\u00bb1.2em\u00bb background_color=\u00bb#00208A\u00bb custom_padding=\u00bb27px|22px|27px|22px|true|true\u00bb border_radii=\u00bbon|24px|24px|24px|24px\u00bb box_shadow_style=\u00bbpreset1&#8243; global_colors_info=\u00bb{}\u00bb]<\/p>\n<h4><strong><span style=\"color: #ffffff;\">5. <\/span><\/strong><span style=\"color: #ffffff;\"><strong>Discusi\u00f3n:<\/strong> se har\u00e1 en <u>dos formatos<\/u>, asignados por el Comit\u00e9 organizador, y se comunicar\u00e1 a los autores al ser aceptado el p\u00f3ster<\/span><\/h4>\n<h4><span style=\"color: #ffffff;\"><strong><\/strong><\/span><\/h4>\n<h4><span style=\"color: #ffffff;\"><strong>5.1.<\/strong><\/span> <span style=\"color: #ffffff;\">Posters elegidos por el Comit\u00e9 organizador (con preferencia para las series con casu\u00edstica propia), para su <strong>presentaci\u00f3n oral en la sala de conferencias plenarias<\/strong>, disponiendo de 3 minutos, con un m\u00e1ximo de 4 diapositivas, para su presentaci\u00f3n y 2 minutos\u00a0 para preguntas (estos poster estar\u00e1n tambi\u00e9n expuestos en la sala de exposiciones pero no se har\u00e1n las rondas con ellos).<\/span><\/h4>\n<h4><span style=\"color: #ffffff;\">UNA VEZ EXPUESTOS TODOS LOS POSTERS CON PRESENTACION ORAL EN LAS SALAS DE CONFERENCIAS SE RECOGER\u00c1 UNA VOTACION ENTRE TODOS LOS INSCRITOS PARA ELEGIR EL POSTER MAS VOTADO, QUE SER\u00c1 INVITADO A PARTICIPAR COMO CONFERENCIANTE PARA EL CONGRESO DEL A\u00d1O 2026<\/span><\/h4>\n<h4><\/h4>\n<h4><span style=\"color: #ffffff;\"><strong><\/strong><\/span><\/h4>\n<h4><span style=\"color: #ffffff;\">5.2. P\u00f3ster f\u00edsico para su exposici\u00f3n oral en rondas en la sala de exposiciones, que se someter\u00e1n a rondas de discusi\u00f3n in situ, por los presentes, disponiendo de 3 minutos para su exposici\u00f3n oral y 2 para su discusi\u00f3n.<\/span><\/h4>\n<p><span style=\"color: #ffffff;\"><\/span><\/p>\n<p>[\/et_pb_text][et_pb_text _builder_version=\u00bb4.22.2&#8243; _module_preset=\u00bbdefault\u00bb header_4_font=\u00bbAlbert Sans||||||||\u00bb header_4_line_height=\u00bb1.2em\u00bb background_color=\u00bb#00208A\u00bb custom_padding=\u00bb27px|22px|27px|22px|true|true\u00bb border_radii=\u00bbon|24px|24px|24px|24px\u00bb box_shadow_style=\u00bbpreset1&#8243; global_colors_info=\u00bb{}\u00bb]<\/p>\n<h4><span style=\"color: #ffffff;\">6.\u00a0<strong>El env\u00edo de los res\u00famenes implica la aceptaci\u00f3n de todas las normas de presentaci\u00f3n y deber\u00e1 remitirse <span style=\"text-decoration: underline;\">antes del 19 de enero de 2025 <\/span><\/strong>\u00a0a trav\u00e9s del formulario.<\/span><\/h4>\n<p>[\/et_pb_text][et_pb_text _builder_version=\u00bb4.22.2&#8243; _module_preset=\u00bbdefault\u00bb header_4_font=\u00bbAlbert Sans||||||||\u00bb header_4_line_height=\u00bb1.2em\u00bb background_color=\u00bb#00208A\u00bb custom_padding=\u00bb27px|22px|27px|22px|true|true\u00bb border_radii=\u00bbon|24px|24px|24px|24px\u00bb box_shadow_style=\u00bbpreset1&#8243; global_colors_info=\u00bb{}\u00bb]<\/p>\n<h4><span style=\"color: #ffffff;\">7.\u00a0<strong>El incumplimiento de las normas de redacci\u00f3n y env\u00edo puede suponer, a juicio del Comit\u00e9 Organizador, su devoluci\u00f3n a los autores para una nueva redacci\u00f3n o su rechazo definitivo.<\/strong><\/span><\/h4>\n<p>[\/et_pb_text][et_pb_text _builder_version=\u00bb4.27.0&#8243; _module_preset=\u00bbdefault\u00bb header_4_font=\u00bbAlbert Sans||||||||\u00bb header_4_line_height=\u00bb1.2em\u00bb background_color=\u00bb#00208A\u00bb custom_padding=\u00bb27px|22px|27px|22px|true|true\u00bb border_radii=\u00bbon|24px|24px|24px|24px\u00bb box_shadow_style=\u00bbpreset1&#8243; global_colors_info=\u00bb{}\u00bb]<\/p>\n<h4><span style=\"color: #ffffff;\">8.\u00a0<strong>Los posters aceptados se enviar\u00e1n en archivo PDF,\u00a0<\/strong>para su inclusi\u00f3n en la web del Congreso,\u00a0<span style=\"text-decoration: underline;\"><strong>antes del 24 de febrero de 2025<\/strong><\/span>.<\/span><\/h4>\n<h4><\/h4>\n<p>[\/et_pb_text][et_pb_button button_url=\u00bbhttps:\/\/www.theoriacongresos.com\/invanep2025ins\/formulario-comunicaciones\/\u00bb url_new_window=\u00bbon\u00bb button_text=\u00bbEnv\u00eda tu Resumen\u00bb button_alignment=\u00bbcenter\u00bb disabled_on=\u00bbon|on|on\u00bb _builder_version=\u00bb4.27.2&#8243; _module_preset=\u00bbdefault\u00bb custom_button=\u00bbon\u00bb button_text_size=\u00bb29px\u00bb button_text_color=\u00bb#FFFFFF\u00bb button_bg_color=\u00bb#0C71C3&#8243; button_border_radius=\u00bb30px\u00bb button_font=\u00bb|700|||||||\u00bb button_text_shadow_style=\u00bbpreset1&#8243; box_shadow_style=\u00bbpreset1&#8243; disabled=\u00bbon\u00bb global_colors_info=\u00bb{}\u00bb][\/et_pb_button][\/et_pb_column][\/et_pb_row][\/et_pb_section][et_pb_section fb_built=\u00bb1&#8243; _builder_version=\u00bb4.27.0&#8243; _module_preset=\u00bbdefault\u00bb bottom_divider_style=\u00bbramp\u00bb bottom_divider_color=\u00bb#00208A\u00bb global_module=\u00bb37&#8243; locked=\u00bboff\u00bb global_colors_info=\u00bb{}\u00bb][et_pb_row column_structure=\u00bb1_2,1_2&#8243; _builder_version=\u00bb4.17.4&#8243; _module_preset=\u00bbdefault\u00bb global_colors_info=\u00bb{}\u00bb][et_pb_column type=\u00bb1_2&#8243; _builder_version=\u00bb4.17.4&#8243; _module_preset=\u00bbdefault\u00bb global_colors_info=\u00bb{}\u00bb][et_pb_text _builder_version=\u00bb4.17.4&#8243; _module_preset=\u00bbdefault\u00bb background_color=\u00bb#00457A\u00bb custom_margin=\u00bb-2px||||false|false\u00bb custom_padding=\u00bb11px||||false|false\u00bb global_colors_info=\u00bb{}\u00bb]<\/p>\n<h4 style=\"text-align: center;\"><span style=\"color: #ffffff;\">ORGANIZACI\u00d3N<\/span><\/h4>\n<p>[\/et_pb_text][\/et_pb_column][et_pb_column type=\u00bb1_2&#8243; _builder_version=\u00bb4.17.4&#8243; _module_preset=\u00bbdefault\u00bb global_colors_info=\u00bb{}\u00bb][et_pb_text _builder_version=\u00bb4.17.4&#8243; _module_preset=\u00bbdefault\u00bb background_color=\u00bb#00457A\u00bb custom_margin=\u00bb-2px||||false|false\u00bb custom_padding=\u00bb11px||||false|false\u00bb global_colors_info=\u00bb{}\u00bb]<\/p>\n<h4 style=\"text-align: center;\"><span style=\"color: #ffffff;\">SECRETAR\u00cdA T\u00c9CNICA<\/span><\/h4>\n<p>[\/et_pb_text][\/et_pb_column][\/et_pb_row][et_pb_row column_structure=\u00bb1_4,1_4,1_4,1_4&#8243; _builder_version=\u00bb4.17.4&#8243; _module_preset=\u00bbdefault\u00bb global_colors_info=\u00bb{}\u00bb][et_pb_column type=\u00bb1_4&#8243; _builder_version=\u00bb4.17.4&#8243; _module_preset=\u00bbdefault\u00bb global_colors_info=\u00bb{}\u00bb][et_pb_image src=\u00bbhttps:\/\/invanep.com\/congreso-2024\/wp-content\/uploads\/2023\/05\/logo_INVANEP.jpg\u00bb title_text=\u00bblogo_INVANEP\u00bb _builder_version=\u00bb4.17.4&#8243; _module_preset=\u00bbdefault\u00bb global_colors_info=\u00bb{}\u00bb][\/et_pb_image][\/et_pb_column][et_pb_column type=\u00bb1_4&#8243; _builder_version=\u00bb4.17.4&#8243; _module_preset=\u00bbdefault\u00bb global_colors_info=\u00bb{}\u00bb][et_pb_text _builder_version=\u00bb4.17.4&#8243; _module_preset=\u00bbdefault\u00bb global_colors_info=\u00bb{}\u00bb]<\/p>\n<h3 class=\"et_pb_module_header\"><a href=\"https:\/\/invanep.com\/\">SECRETAR\u00cdA CIENT\u00cdFICA y ORGANIZACI\u00d3N DEL CONGRESO<\/a><\/h3>\n<div class=\"et_pb_blurb_description\">\n<p><strong><a rel=\"noreferrer noopener\" href=\"https:\/\/invanep.com\/\" target=\"_blank\">Instituto Valenciano de Neurolog\u00eda Pedi\u00e1trica (INVANEP)<\/a><br \/>Calle Artes Gr\u00e1ficas 23, bajo. 46010-Valencia<br \/>Tf: (+ 34)96 361 33 00<br \/><a href=\"https:\/\/www.invanep.com\/\">www.invanep.com<\/a><br \/><a href=\"mailto:secretaria@invanep.com\">secretaria@invanep.com<\/a><\/strong><\/p>\n<\/div>\n<p>[\/et_pb_text][\/et_pb_column][et_pb_column type=\u00bb1_4&#8243; _builder_version=\u00bb4.17.4&#8243; _module_preset=\u00bbdefault\u00bb global_colors_info=\u00bb{}\u00bb][et_pb_image src=\u00bbhttps:\/\/invanep.com\/congreso-2024\/wp-content\/uploads\/2023\/05\/Cartel-Entrada.png\u00bb title_text=\u00bbCartel Entrada\u00bb _builder_version=\u00bb4.17.4&#8243; _module_preset=\u00bbdefault\u00bb global_colors_info=\u00bb{}\u00bb][\/et_pb_image][\/et_pb_column][et_pb_column type=\u00bb1_4&#8243; _builder_version=\u00bb4.17.4&#8243; _module_preset=\u00bbdefault\u00bb global_colors_info=\u00bb{}\u00bb][et_pb_text _builder_version=\u00bb4.17.4&#8243; _module_preset=\u00bbdefault\u00bb global_colors_info=\u00bb{}\u00bb]<\/p>\n<h3 class=\"et_pb_module_header\"><a href=\"https:\/\/www.theoriacongresos.com\/\" target=\"_blank\" rel=\"noopener\">SECRETAR\u00cdA T\u00c9CNICA (inscripciones y consultas)<\/a><\/h3>\n<div class=\"et_pb_blurb_description\">\n<p><a href=\"https:\/\/www.theoriacongresos.com\/\" target=\"_blank\" rel=\"noreferrer noopener\"><strong>THEORIA Congresos<\/strong><\/a><br \/><strong>Calle Gasc\u00f3 Oliag, n\u00ba 6, puerta 4. 46010 Valencia<\/strong><br \/><strong>Tf: (+ 34)960 72 82 12<\/strong><br \/><strong><a rel=\"noreferrer noopener\" href=\"mailto:info@theoriacongresos.com\" target=\"_blank\">info@theoriacongresos.com<\/a><\/strong><\/p>\n<\/div>\n<p>[\/et_pb_text][\/et_pb_column][\/et_pb_row][\/et_pb_section][et_pb_section fb_built=\u00bb1&#8243; _builder_version=\u00bb4.27.0&#8243; _module_preset=\u00bbdefault\u00bb background_color=\u00bb#00208A\u00bb bottom_divider_style=\u00bbramp\u00bb bottom_divider_color=\u00bb#FFFFFF\u00bb bottom_divider_height=\u00bb122px\u00bb global_module=\u00bb46&#8243; global_colors_info=\u00bb{}\u00bb][\/et_pb_section][et_pb_section fb_built=\u00bb1&#8243; _builder_version=\u00bb4.17.4&#8243; _module_preset=\u00bbdefault\u00bb global_module=\u00bb33&#8243; saved_tabs=\u00bball\u00bb locked=\u00bboff\u00bb global_colors_info=\u00bb{}\u00bb][et_pb_row column_structure=\u00bb1_2,1_2&#8243; _builder_version=\u00bb4.17.4&#8243; _module_preset=\u00bbdefault\u00bb global_colors_info=\u00bb{}\u00bb][et_pb_column type=\u00bb1_2&#8243; _builder_version=\u00bb4.17.4&#8243; _module_preset=\u00bbdefault\u00bb global_colors_info=\u00bb{}\u00bb][et_pb_image src=\u00bbhttps:\/\/invanep.com\/congreso-2024\/wp-content\/uploads\/2023\/06\/THEORIA-CongresosNAR.png\u00bb title_text=\u00bbTHEORIA-CongresosNAR\u00bb _builder_version=\u00bb4.17.4&#8243; _module_preset=\u00bbdefault\u00bb width=\u00bb25%\u00bb global_colors_info=\u00bb{}\u00bb][\/et_pb_image][et_pb_text _builder_version=\u00bb4.27.0&#8243; _module_preset=\u00bbdefault\u00bb background_color=\u00bb#FFFFFF\u00bb custom_margin=\u00bb-7px||||false|false\u00bb global_colors_info=\u00bb{}\u00bb]<\/p>\n<div class=\"et_pb_module et_pb_text et_pb_text_28  et_pb_text_align_left et_pb_bg_layout_light\">\n<div class=\"et_pb_text_inner\">\n<h5><span style=\"color: #808080;\">Puedes ponerte en contacto con nosotros a trav\u00e9s de este formulario, enviando un correo o por tel\u00e9fono.<\/span><\/h5>\n<p><span style=\"color: #808080;\"><\/span><\/p>\n<p><span style=\"color: #808080;\"><\/span><\/p>\n<h5><span style=\"color: #0000ff;\"><a href=\"mailto:info@theoriacongresos.com\" target=\"_blank\" rel=\"noopener\" style=\"font-size: 16px; color: #0000ff;\">info@theoriacongresos.com<\/a><\/span><\/h5>\n<h5><span style=\"color: #0000ff;\"><a href=\"http:\/\/57.67.140.148\/\" target=\"_blank\" rel=\"noopener\" style=\"font-size: 16px; color: #0000ff;\">960 72 82 12<\/a><\/span><\/h5>\n<\/div>\n<\/div>\n<p>[\/et_pb_text][\/et_pb_column][et_pb_column type=\u00bb1_2&#8243; _builder_version=\u00bb4.17.4&#8243; _module_preset=\u00bbdefault\u00bb global_colors_info=\u00bb{}\u00bb][et_pb_contact_form email=\u00bbinfo@theoriacongresos.com\u00bb custom_message=\u00bbMensaje enviado desde INVANEP 2025||et_pb_line_break_holder||||et_pb_line_break_holder||Nombre: %%Name%%||et_pb_line_break_holder||Correo: %%Email%%||et_pb_line_break_holder||Mensaje: %%Message%%||et_pb_line_break_holder||\u00bb _builder_version=\u00bb4.27.0&#8243; _module_preset=\u00bbdefault\u00bb _unique_id=\u00bb7750ce6f-7668-47f6-a4f7-f8f5b34c8072&#8243; global_colors_info=\u00bb{}\u00bb][et_pb_contact_field field_id=\u00bbName\u00bb field_title=\u00bbNombre\u00bb _builder_version=\u00bb4.16&#8243; global_colors_info=\u00bb{}\u00bb button_text_size__hover_enabled=\u00bboff\u00bb button_one_text_size__hover_enabled=\u00bboff\u00bb button_two_text_size__hover_enabled=\u00bboff\u00bb button_text_color__hover_enabled=\u00bboff\u00bb button_one_text_color__hover_enabled=\u00bboff\u00bb button_two_text_color__hover_enabled=\u00bboff\u00bb button_border_width__hover_enabled=\u00bboff\u00bb button_one_border_width__hover_enabled=\u00bboff\u00bb button_two_border_width__hover_enabled=\u00bboff\u00bb button_border_color__hover_enabled=\u00bboff\u00bb button_one_border_color__hover_enabled=\u00bboff\u00bb button_two_border_color__hover_enabled=\u00bboff\u00bb button_border_radius__hover_enabled=\u00bboff\u00bb button_one_border_radius__hover_enabled=\u00bboff\u00bb button_two_border_radius__hover_enabled=\u00bboff\u00bb button_letter_spacing__hover_enabled=\u00bboff\u00bb button_one_letter_spacing__hover_enabled=\u00bboff\u00bb button_two_letter_spacing__hover_enabled=\u00bboff\u00bb button_bg_color__hover_enabled=\u00bboff\u00bb button_one_bg_color__hover_enabled=\u00bboff\u00bb button_two_bg_color__hover_enabled=\u00bboff\u00bb][\/et_pb_contact_field][et_pb_contact_field field_id=\u00bbEmail\u00bb field_title=\u00bbDirecci\u00f3n de correo electr\u00f3nico\u00bb field_type=\u00bbemail\u00bb _builder_version=\u00bb4.16&#8243; global_colors_info=\u00bb{}\u00bb button_text_size__hover_enabled=\u00bboff\u00bb button_one_text_size__hover_enabled=\u00bboff\u00bb button_two_text_size__hover_enabled=\u00bboff\u00bb button_text_color__hover_enabled=\u00bboff\u00bb button_one_text_color__hover_enabled=\u00bboff\u00bb button_two_text_color__hover_enabled=\u00bboff\u00bb button_border_width__hover_enabled=\u00bboff\u00bb button_one_border_width__hover_enabled=\u00bboff\u00bb button_two_border_width__hover_enabled=\u00bboff\u00bb button_border_color__hover_enabled=\u00bboff\u00bb button_one_border_color__hover_enabled=\u00bboff\u00bb button_two_border_color__hover_enabled=\u00bboff\u00bb button_border_radius__hover_enabled=\u00bboff\u00bb button_one_border_radius__hover_enabled=\u00bboff\u00bb button_two_border_radius__hover_enabled=\u00bboff\u00bb button_letter_spacing__hover_enabled=\u00bboff\u00bb button_one_letter_spacing__hover_enabled=\u00bboff\u00bb button_two_letter_spacing__hover_enabled=\u00bboff\u00bb button_bg_color__hover_enabled=\u00bboff\u00bb button_one_bg_color__hover_enabled=\u00bboff\u00bb button_two_bg_color__hover_enabled=\u00bboff\u00bb][\/et_pb_contact_field][et_pb_contact_field field_id=\u00bbMessage\u00bb field_title=\u00bbMensaje\u00bb field_type=\u00bbtext\u00bb fullwidth_field=\u00bbon\u00bb _builder_version=\u00bb4.16&#8243; global_colors_info=\u00bb{}\u00bb button_text_size__hover_enabled=\u00bboff\u00bb button_one_text_size__hover_enabled=\u00bboff\u00bb button_two_text_size__hover_enabled=\u00bboff\u00bb button_text_color__hover_enabled=\u00bboff\u00bb button_one_text_color__hover_enabled=\u00bboff\u00bb button_two_text_color__hover_enabled=\u00bboff\u00bb button_border_width__hover_enabled=\u00bboff\u00bb button_one_border_width__hover_enabled=\u00bboff\u00bb button_two_border_width__hover_enabled=\u00bboff\u00bb button_border_color__hover_enabled=\u00bboff\u00bb button_one_border_color__hover_enabled=\u00bboff\u00bb button_two_border_color__hover_enabled=\u00bboff\u00bb button_border_radius__hover_enabled=\u00bboff\u00bb button_one_border_radius__hover_enabled=\u00bboff\u00bb button_two_border_radius__hover_enabled=\u00bboff\u00bb button_letter_spacing__hover_enabled=\u00bboff\u00bb button_one_letter_spacing__hover_enabled=\u00bboff\u00bb button_two_letter_spacing__hover_enabled=\u00bboff\u00bb button_bg_color__hover_enabled=\u00bboff\u00bb button_one_bg_color__hover_enabled=\u00bboff\u00bb button_two_bg_color__hover_enabled=\u00bboff\u00bb][\/et_pb_contact_field][et_pb_contact_field field_id=\u00bbField_5&#8243; field_title=\u00bb \u00bb field_type=\u00bbcheckbox\u00bb checkbox_options=\u00bb%91{%22value%22:%22Acepto la %22,%22checked%22:0,%22dragID%22:-1,%22link_url%22:%22https:\/\/invanep.com\/congreso-2024\/politica-de-privacidad\/%22,%22link_text%22:%22Pol\u00edtica de Privacidad%22}%93&#8243; fullwidth_field=\u00bbon\u00bb _builder_version=\u00bb4.23&#8243; _module_preset=\u00bbdefault\u00bb global_colors_info=\u00bb{}\u00bb][\/et_pb_contact_field][\/et_pb_contact_form][et_pb_code _builder_version=\u00bb4.23&#8243; _module_preset=\u00bbdefault\u00bb global_colors_info=\u00bb{}\u00bb]<script><!-- [et_pb_line_break_holder] -->(function( $ ) {<!-- [et_pb_line_break_holder] -->   $(document).ready(function(){<!-- [et_pb_line_break_holder] -->     <!-- [et_pb_line_break_holder] -->    <!-- [et_pb_line_break_holder] -->     var URLactual = window.location;<!-- [et_pb_line_break_holder] -->    <!-- [et_pb_line_break_holder] --> document.querySelector('p[data-id=\"link\"] input').setAttribute('value', URLactual);<!-- [et_pb_line_break_holder] -->   });  <!-- [et_pb_line_break_holder] -->})( jQuery );<!-- [et_pb_line_break_holder] --><\/script><!-- [et_pb_line_break_holder] --><\/p>\n<style><!-- [et_pb_line_break_holder] -->  p[data-id=\"link\"] {<!-- [et_pb_line_break_holder] -->    margin-bottom:0px;<!-- [et_pb_line_break_holder] -->    height:0px;<!-- [et_pb_line_break_holder] -->  }<!-- [et_pb_line_break_holder] -->  <!-- [et_pb_line_break_holder] -->  p[data-id=\"link\"] input {<!-- [et_pb_line_break_holder] -->     visibility:hidden;<!-- [et_pb_line_break_holder] -->height:0px;<!-- [et_pb_line_break_holder] -->  }<!-- [et_pb_line_break_holder] -->  <!-- [et_pb_line_break_holder] --><\/style>\n<p><!-- [et_pb_line_break_holder] -->[\/et_pb_code][\/et_pb_column][\/et_pb_row][\/et_pb_section]<\/p>\n","protected":false},"excerpt":{"rendered":"<p>\u00danicamente se aceptan presentaciones tipo POSTERS. El env\u00edo de los abstracts implica la aceptaci\u00f3n de todas las normas y\u00a0deber\u00e1n remitirse\u00a0antes del 19 de enero 2025. Los res\u00famenes admitidos ser\u00e1n publicados en la revista MEDICINA en la que se publican los manuscritos de las conferencias del XXVII Congreso. En caso de ser aceptado y para que [&hellip;]<\/p>\n","protected":false},"author":1,"featured_media":0,"parent":0,"menu_order":0,"comment_status":"closed","ping_status":"closed","template":"","meta":{"_et_pb_use_builder":"on","_et_pb_old_content":"","_et_gb_content_width":"","footnotes":""},"class_list":["post-64","page","type-page","status-publish","hentry"],"_links":{"self":[{"href":"https:\/\/invanep.com\/congreso-2025\/wp-json\/wp\/v2\/pages\/64","targetHints":{"allow":["GET"]}}],"collection":[{"href":"https:\/\/invanep.com\/congreso-2025\/wp-json\/wp\/v2\/pages"}],"about":[{"href":"https:\/\/invanep.com\/congreso-2025\/wp-json\/wp\/v2\/types\/page"}],"author":[{"embeddable":true,"href":"https:\/\/invanep.com\/congreso-2025\/wp-json\/wp\/v2\/users\/1"}],"replies":[{"embeddable":true,"href":"https:\/\/invanep.com\/congreso-2025\/wp-json\/wp\/v2\/comments?post=64"}],"version-history":[{"count":14,"href":"https:\/\/invanep.com\/congreso-2025\/wp-json\/wp\/v2\/pages\/64\/revisions"}],"predecessor-version":[{"id":229,"href":"https:\/\/invanep.com\/congreso-2025\/wp-json\/wp\/v2\/pages\/64\/revisions\/229"}],"wp:attachment":[{"href":"https:\/\/invanep.com\/congreso-2025\/wp-json\/wp\/v2\/media?parent=64"}],"curies":[{"name":"wp","href":"https:\/\/api.w.org\/{rel}","templated":true}]}}