{"id":55,"date":"2024-09-13T11:42:18","date_gmt":"2024-09-13T11:42:18","guid":{"rendered":"https:\/\/invanep.com\/congreso-2025\/?page_id=55"},"modified":"2025-03-04T10:23:08","modified_gmt":"2025-03-04T10:23:08","slug":"programa","status":"publish","type":"page","link":"https:\/\/invanep.com\/congreso-2025\/programa\/","title":{"rendered":"PROGRAMA"},"content":{"rendered":"<p>[et_pb_section fb_built=\u00bb1&#8243; next_background_color=\u00bb#00208A\u00bb _builder_version=\u00bb4.17.4&#8243; _module_preset=\u00bbdefault\u00bb background_image=\u00bbhttps:\/\/invanep.com\/congreso-2025\/wp-content\/uploads\/2024\/09\/BANNER.jpg\u00bb bottom_divider_style=\u00bbramp\u00bb bottom_divider_height=\u00bb49px\u00bb global_module=\u00bb115&#8243; global_colors_info=\u00bb{}\u00bb][et_pb_row _builder_version=\u00bb4.27.0&#8243; _module_preset=\u00bbdefault\u00bb background_color=\u00bb#FFFFFF\u00bb horizontal_offset=\u00bb477px\u00bb width=\u00bb100%\u00bb max_width=\u00bb736px\u00bb custom_padding=\u00bb49px||49px||true|false\u00bb border_radii=\u00bbon|26px|26px|26px|26px\u00bb box_shadow_style=\u00bbpreset1&#8243; global_colors_info=\u00bb{}\u00bb][et_pb_column type=\u00bb4_4&#8243; _builder_version=\u00bb4.17.4&#8243; _module_preset=\u00bbdefault\u00bb global_colors_info=\u00bb{}\u00bb][et_pb_image src=\u00bbhttps:\/\/invanep.com\/congreso-2025\/wp-content\/uploads\/2024\/09\/titol.png\u00bb title_text=\u00bbtitol\u00bb align=\u00bbcenter\u00bb _builder_version=\u00bb4.27.0&#8243; _module_preset=\u00bbdefault\u00bb background_color=\u00bbRGBA(255,255,255,0)\u00bb positioning=\u00bbrelative\u00bb max_width=\u00bb500%\u00bb global_colors_info=\u00bb{}\u00bb][\/et_pb_image][et_pb_text _builder_version=\u00bb4.27.0&#8243; _module_preset=\u00bbdefault\u00bb global_colors_info=\u00bb{}\u00bb]<\/p>\n<h2 style=\"text-align: center;\"><span style=\"color: #000080;\"><strong>Valencia, 7 y 8 de marzo de 2025<\/strong><\/span><\/h2>\n<h4 style=\"text-align: center;\">Jornadas de tarde (d\u00eda 7) y de ma\u00f1ana (d\u00eda 8). PRESENCIAL \/ ON LINE.<\/h4>\n<p>[\/et_pb_text][\/et_pb_column][\/et_pb_row][\/et_pb_section][et_pb_section fb_built=\u00bb1&#8243; _builder_version=\u00bb4.27.0&#8243; _module_preset=\u00bbdefault\u00bb background_color=\u00bb#00208A\u00bb bottom_divider_style=\u00bbramp\u00bb bottom_divider_color=\u00bb#FFFFFF\u00bb bottom_divider_height=\u00bb122px\u00bb global_module=\u00bb46&#8243; global_colors_info=\u00bb{}\u00bb][\/et_pb_section][et_pb_section fb_built=\u00bb1&#8243; _builder_version=\u00bb4.27.0&#8243; _module_preset=\u00bbdefault\u00bb custom_padding=\u00bb||14px|||\u00bb global_module=\u00bb58&#8243; saved_tabs=\u00bball\u00bb global_colors_info=\u00bb{}\u00bb][et_pb_row _builder_version=\u00bb4.27.0&#8243; _module_preset=\u00bbdefault\u00bb global_colors_info=\u00bb{}\u00bb][et_pb_column type=\u00bb4_4&#8243; _builder_version=\u00bb4.27.0&#8243; _module_preset=\u00bbdefault\u00bb global_colors_info=\u00bb{}\u00bb][et_pb_post_title meta=\u00bboff\u00bb featured_image=\u00bboff\u00bb _builder_version=\u00bb4.27.0&#8243; _module_preset=\u00bbdefault\u00bb title_text_color=\u00bb#00208A\u00bb title_font_size=\u00bb46px\u00bb border_width_bottom=\u00bb5px\u00bb border_color_bottom=\u00bb#00208A\u00bb global_colors_info=\u00bb{}\u00bb][\/et_pb_post_title][\/et_pb_column][\/et_pb_row][\/et_pb_section][et_pb_section fb_built=\u00bb1&#8243; _builder_version=\u00bb4.27.0&#8243; _module_preset=\u00bbdefault\u00bb background_color=\u00bbRGBA(255,255,255,0)\u00bb custom_margin=\u00bb-25px||||false|false\u00bb top_divider_color=\u00bb#E09900&#8243; top_divider_height=\u00bb30px\u00bb top_divider_repeat=\u00bb1x\u00bb locked=\u00bboff\u00bb global_colors_info=\u00bb{}\u00bb][et_pb_row _builder_version=\u00bb4.22.2&#8243; _module_preset=\u00bbdefault\u00bb custom_margin=\u00bb14px|auto||auto||\u00bb custom_padding=\u00bb23px|||||\u00bb global_colors_info=\u00bb{}\u00bb][et_pb_column type=\u00bb4_4&#8243; _builder_version=\u00bb4.22.2&#8243; _module_preset=\u00bbdefault\u00bb global_colors_info=\u00bb{}\u00bb][et_pb_button button_url=\u00bbhttps:\/\/invanep.com\/congreso-2025\/wp-content\/uploads\/2025\/02\/PROGRAMA-XXVII-CONGRESO-TRASTORNOS-NEURODESARROLLO10-del-2.pdf\u00bb button_text=\u00bbDescargar programa completo\u00bb button_alignment=\u00bbcenter\u00bb _builder_version=\u00bb4.27.4&#8243; _module_preset=\u00bbdefault\u00bb custom_button=\u00bbon\u00bb button_text_size=\u00bb27px\u00bb button_text_color=\u00bb#0C71C3&#8243; global_colors_info=\u00bb{}\u00bb][\/et_pb_button][et_pb_text _builder_version=\u00bb4.27.4&#8243; _module_preset=\u00bbdefault\u00bb text_font_size=\u00bb16px\u00bb global_colors_info=\u00bb{}\u00bb]<\/p>\n<table border=\"1\" style=\"border-collapse: collapse; width: 100%; height: 760px;\">\n<tbody>\n<tr style=\"height: 64px;\">\n<td style=\"width: 100%; background-color: #f39200; height: 64px;\" colspan=\"2\">\n<h3 style=\"text-align: center;\"><span style=\"color: #ffffff;\">Viernes 7 de Marzo 2025 &#8211; 15:00 a 20:30 h.<\/span><\/h3>\n<\/td>\n<\/tr>\n<tr style=\"height: 24px;\">\n<td style=\"width: 10.9285%; text-align: center; height: 24px;\">15:00<\/td>\n<td style=\"width: 89.0716%; height: 24px;\"><strong>Conexi\u00f3n Online<\/strong><\/td>\n<\/tr>\n<tr style=\"height: 120px;\">\n<td style=\"width: 10.9285%; height: 120px; text-align: center;\">15:10<\/td>\n<td style=\"width: 89.0716%; height: 120px;\">\n<p><strong>Bienvenida y Presentaci\u00f3n del XXVII Congreso Trastornos del Neurodesarrollo\u00a0<\/strong><\/p>\n<p><em>Fernando Mulas<\/em><\/p>\n<p><em>Presidente Comit\u00e9 Organizador<\/em><\/p>\n<\/td>\n<\/tr>\n<tr style=\"height: 24px;\">\n<td style=\"width: 10.9285%; height: 24px; text-align: center;\">15:15 &#8211; 17:15<\/td>\n<td style=\"width: 89.0716%; height: 24px; background-color: #004c98;\"><span style=\"color: #ffffff;\"><strong>NEURODESARROLLO<\/strong><\/span><\/td>\n<\/tr>\n<tr style=\"height: 48px;\">\n<td style=\"width: 10.9285%; text-align: center; height: 48px;\">15:15<\/td>\n<td style=\"width: 89.0716%; height: 48px;\"><strong>Futuro de la inteligencia: cerebro natural, cerebro artificial. &#8211; <a href=\"https:\/\/invanep.com\/congreso-2025\/wp-content\/uploads\/2025\/01\/Futuro-de-la-inteligencia_Salvador-Martinez.pdf\" target=\"_blank\" rel=\"noopener\">Ver Resumen<\/a><\/strong><br \/><em>Salvador Mart\u00ednez (Alicante)<\/em><strong><br \/><\/strong><\/td>\n<\/tr>\n<tr style=\"height: 48px;\">\n<td style=\"width: 10.9285%; text-align: center; height: 48px;\">15:45<\/td>\n<td style=\"width: 89.0716%; height: 48px;\"><strong>Heredabilidad en Trastonos del Neurodesarrollo. &#8211;<a href=\"https:\/\/invanep.com\/congreso-2025\/wp-content\/uploads\/2025\/02\/Resumen-Jesus-Eiris.pdf\" target=\"_blank\" rel=\"noopener\"> Ver Resumen<\/a><br \/><\/strong><em>Jes\u00fas Eiris (Santiago de Compostela, Galicia)<\/em><\/td>\n<\/tr>\n<tr style=\"height: 24px;\">\n<td style=\"width: 10.9285%; text-align: center; height: 24px;\">16:10<\/td>\n<td style=\"width: 89.0716%; height: 24px;\"><strong>Coloquio<\/strong><\/td>\n<\/tr>\n<tr style=\"height: 24px;\">\n<td style=\"width: 10.9285%; text-align: center; height: 24px;\">16:30<\/td>\n<td style=\"width: 89.0716%; height: 24px;\"><strong>Descanso. Ronda de p\u00f3sters en la sala exposiciones<br \/><\/strong><\/td>\n<\/tr>\n<tr style=\"height: 24px;\">\n<td style=\"width: 10.9285%; height: 24px; text-align: center;\">\u00a017:00<\/td>\n<td style=\"width: 89.0716%; height: 24px;\"><strong>Acto inaugural<\/strong><\/td>\n<\/tr>\n<tr style=\"height: 48px;\">\n<td style=\"width: 10.9285%; height: 48px; text-align: center;\">17:15<\/td>\n<td style=\"width: 89.0716%; height: 48px;\"><strong>Presentaci\u00f3n de P\u00f3sters en la sala conferencias.<\/strong><\/td>\n<\/tr>\n<tr style=\"height: 24px;\">\n<td style=\"width: 10.9285%; height: 24px; text-align: center;\">17:45 &#8211; 20:15<\/td>\n<td style=\"width: 89.0716%; height: 24px; background-color: #004c98;\"><span style=\"color: #ffffff;\"><strong>TRASTORNO POR D\u00c9FICIT DE ATENCI\u00d3N\/HIPERACTIVIDAD (TDAH)<\/strong><\/span><\/td>\n<\/tr>\n<tr style=\"height: 48px;\">\n<td style=\"width: 10.9285%; text-align: center; height: 48px;\">17:45<\/td>\n<td style=\"width: 89.0716%; height: 48px;\"><strong>El reto de la adherencia al tratamiento en TDAH. &#8211;<a href=\"https:\/\/invanep.com\/congreso-2025\/wp-content\/uploads\/2025\/02\/RESUMEN-C-SOUTULLO.-Adherencia-al-Tratamiento-en-TDAH-en-el-Programa-ChAMP-UTHealth-Houston.pdf\" target=\"_blank\" rel=\"noopener\"> Ver Resumen<\/a><br \/><\/strong><em>C\u00e9sar Soutullo (Houston, USA)<\/em><\/td>\n<\/tr>\n<tr style=\"height: 72px;\">\n<td style=\"width: 10.9285%; text-align: center; height: 72px;\">18:15<\/td>\n<td style=\"width: 89.0716%; height: 72px;\"><strong>Valoraci\u00f3n de la rehabilitaci\u00f3n cognitiva en TDAH a trav\u00e9s de programas inform\u00e1ticos. &#8211; <a href=\"https:\/\/invanep.com\/congreso-2025\/wp-content\/uploads\/2025\/01\/Entrenamiento-cognitivo-informatizado-como-tratamiento-del-TDAH-Resumen_Alberto-Fernandez-Jaen.pdf\" target=\"_blank\" rel=\"noopener\">Ver Resumen<\/a><br \/><\/strong><em>Alberto Fern\u00e1ndez Ja\u00e9n (Madrid)<\/em><\/td>\n<\/tr>\n<tr style=\"height: 24px;\">\n<td style=\"width: 10.9285%; text-align: center; height: 24px;\">18:45<\/td>\n<td style=\"width: 89.0716%; height: 24px;\"><strong>Coloquio<\/strong><\/td>\n<\/tr>\n<tr style=\"height: 48px;\">\n<td style=\"width: 10.9285%; text-align: center; height: 48px;\">19:00<\/td>\n<td style=\"width: 89.0716%; height: 48px;\"><strong>Comorbilidades de mayor riesgo en TDAH. &#8211; <a href=\"https:\/\/invanep.com\/congreso-2025\/wp-content\/uploads\/2025\/02\/Resumen_German-Casas.pdf\" target=\"_blank\" rel=\"noopener\">Ver Resumen<\/a><br \/><\/strong><em>Germ\u00e1n Casas (Bogot\u00e1, Colombia)<\/em><\/td>\n<\/tr>\n<tr style=\"height: 48px;\">\n<td style=\"width: 10.9285%; text-align: center; height: 48px;\">19:30<\/td>\n<td style=\"width: 89.0716%; height: 48px;\"><strong>Neurofisiolog\u00eda en el TDAH. &#8211; <a href=\"https:\/\/invanep.com\/congreso-2025\/wp-content\/uploads\/2025\/02\/RESUMEN-DRA-IDIAZABAL-VALENCIA-2025.pdf\" target=\"_blank\" rel=\"noopener\">Ver Resumen<\/a><br \/><\/strong><em>Mar\u00eda Angeles Idiaz\u00e1bal (Barcelona)<\/em><\/td>\n<\/tr>\n<tr style=\"height: 24px;\">\n<td style=\"width: 10.9285%; text-align: center; height: 24px;\">20:00<\/td>\n<td style=\"width: 89.0716%; height: 24px;\"><strong>Coloquio<\/strong><\/td>\n<\/tr>\n<tr style=\"height: 24px;\">\n<td style=\"width: 10.9285%; height: 24px; text-align: center;\">20:15<\/td>\n<td style=\"width: 89.0716%; height: 24px;\"><strong>Cierre de la Jornada<\/strong><\/td>\n<\/tr>\n<\/tbody>\n<\/table>\n<p>[\/et_pb_text][\/et_pb_column][\/et_pb_row][et_pb_row disabled_on=\u00bboff|off|off\u00bb _builder_version=\u00bb4.23.1&#8243; _module_preset=\u00bbdefault\u00bb global_colors_info=\u00bb{}\u00bb][et_pb_column type=\u00bb4_4&#8243; _builder_version=\u00bb4.22.2&#8243; _module_preset=\u00bbdefault\u00bb global_colors_info=\u00bb{}\u00bb][et_pb_text _builder_version=\u00bb4.27.4&#8243; _module_preset=\u00bbdefault\u00bb text_font_size=\u00bb16px\u00bb global_colors_info=\u00bb{}\u00bb]<\/p>\n<table border=\"1\" style=\"border-collapse: collapse; width: 100%; height: 328px;\">\n<tbody>\n<tr style=\"height: 64px;\">\n<td style=\"width: 100%; background-color: #f39200; height: 64px;\" colspan=\"2\">\n<h3 style=\"text-align: center;\"><span style=\"color: #ffffff;\">S\u00e1bado 8 de Marzo 2025 &#8211; 08:30 a 14:30 h.<\/span><\/h3>\n<\/td>\n<\/tr>\n<tr>\n<td style=\"width: 10.9285%; text-align: center;\">08:30<\/td>\n<td style=\"width: 89.0716%;\"><strong>Conexi\u00f3n Online<\/strong><\/td>\n<\/tr>\n<tr style=\"height: 120px;\">\n<td style=\"width: 10.9285%; height: 120px; text-align: center;\">08:40<\/td>\n<td style=\"width: 89.0716%; height: 120px;\">\n<p><strong>Presentaci\u00f3n\u00a0 segunda jornada del XXVII Congreso Trastornos del Neurodesarrollo<\/strong><\/p>\n<p><em>Fernando Mulas<\/em><\/p>\n<p><em>Presidente Comit\u00e9 Organizador<\/em><\/p>\n<\/td>\n<\/tr>\n<tr>\n<td style=\"width: 10.9285%; text-align: center;\">08:45<\/td>\n<td style=\"width: 89.0716%;\"><strong>Presentaci\u00f3n de P\u00f3sters en la sala conferencias.<\/strong><\/td>\n<\/tr>\n<tr style=\"height: 24px;\">\n<td style=\"width: 10.9285%; height: 24px; text-align: center;\">09:15 &#8211; 11:45<\/td>\n<td style=\"width: 89.0716%; height: 24px; background-color: #004c98;\"><span style=\"color: #ffffff;\"><strong>TRASTORNO DEL ESPECTRO AUTISTA (TEA)<\/strong><\/span><\/td>\n<\/tr>\n<tr>\n<td style=\"width: 10.9285%; text-align: center;\">09:15<\/td>\n<td style=\"width: 89.0716%;\"><strong>TEA y Trastorno Obsesivo Compulsivo. &#8211; <a href=\"https:\/\/invanep.com\/congreso-2025\/wp-content\/uploads\/2025\/02\/Resumen-Dra-Amaia-Hervas.pdf\" target=\"_blank\" rel=\"noopener\">Ver Resumen<\/a><\/strong><br \/><em>Amaia Herv\u00e1s (Barcelona)<\/em><strong><br \/><\/strong><\/td>\n<\/tr>\n<tr>\n<td style=\"width: 10.9285%; text-align: center;\">09:45<\/td>\n<td style=\"width: 89.0716%;\"><strong>Inflexibilidad en el Trastorno del Espectro Autista. &#8211; <a href=\"https:\/\/invanep.com\/congreso-2025\/wp-content\/uploads\/2025\/01\/Inflexibilidad-en-el-Trastorno-del-Espectro-Autista_Juan-Martos.pdf\" target=\"_blank\" rel=\"noopener\">Ver Resumen<\/a><br \/><\/strong><em>Juan Martos (Madrid)<\/em><\/td>\n<\/tr>\n<tr>\n<td style=\"width: 10.9285%; text-align: center;\">10:15<\/td>\n<td style=\"width: 89.0716%;\"><strong>Coloquio<\/strong><\/td>\n<\/tr>\n<tr style=\"height: 24px;\">\n<td style=\"width: 10.9285%; height: 24px; text-align: center;\">10:30<\/td>\n<td style=\"width: 89.0716%; height: 24px;\"><strong>Autismo y s\u00edndrome de \u201cBurnout\u201d. &#8211; <a href=\"https:\/\/invanep.com\/congreso-2025\/wp-content\/uploads\/2025\/02\/Resumen.-Victor-Ruggieri.pdf\" target=\"_blank\" rel=\"noopener\">Ver Resumen<\/a><\/strong><br \/><em>V\u00edctor Ruggieri (Buenos Aires. Argentina)<\/em><\/td>\n<\/tr>\n<tr style=\"height: 48px;\">\n<td style=\"width: 10.9285%; height: 48px; text-align: center;\">11:00<\/td>\n<td style=\"width: 89.0716%; height: 48px;\"><strong>Nuevas herramientas del diagn\u00f3stico del TEA mediante biomarcadores. &#8211; <a href=\"https:\/\/invanep.com\/congreso-2025\/wp-content\/uploads\/2025\/01\/Resumen_Mariano-Alcaniz.pdf\" target=\"_blank\" rel=\"noopener\">Ver Resumen<\/a><\/strong><br \/><em>Mariano Alca\u00f1iz (Valencia)<\/em><\/td>\n<\/tr>\n<tr>\n<td style=\"width: 10.9285%; text-align: center;\">11:30<\/td>\n<td style=\"width: 89.0716%;\"><strong>Coloquio<\/strong><\/td>\n<\/tr>\n<tr>\n<td style=\"width: 10.9285%; text-align: center;\">11:45<\/td>\n<td style=\"width: 89.0716%;\"><strong>Descanso. Ronda de p\u00f3sters en la sala exposiciones<\/strong><\/td>\n<\/tr>\n<tr style=\"height: 24px;\">\n<td style=\"width: 10.9285%; height: 24px; text-align: center;\">12:15 &#8211; 14:10<\/td>\n<td style=\"width: 89.0716%; height: 24px; background-color: #004c98;\"><span style=\"color: #ffffff;\"><strong>TRASTORNOS DEL LENGUAJE. TRASTORNOS DEL APRENDIZAJE<\/strong><\/span><\/td>\n<\/tr>\n<tr>\n<td style=\"width: 10.9285%; text-align: center;\">12:15<\/td>\n<td style=\"width: 89.0716%;\"><strong>Evaluaci\u00f3n de la pragm\u00e1tica del TEA en edades tempranas. &#8211; <a href=\"https:\/\/invanep.com\/congreso-2025\/wp-content\/uploads\/2025\/02\/RESUMEN-GASCON-BAIXAULI.pdf\" target=\"_blank\" rel=\"noopener\">Ver Resumen<\/a><br \/><\/strong><em>Inmaculada Baixauli (Valencia)<\/em><\/td>\n<\/tr>\n<tr>\n<td style=\"width: 10.9285%; text-align: center;\">12:45<\/td>\n<td style=\"width: 89.0716%;\"><strong>Lenguaje figurativo y ACI: comprensi\u00f3n y uso de la iron\u00eda verbal &#8211; <a href=\"https:\/\/invanep.com\/congreso-2025\/wp-content\/uploads\/2025\/01\/Resumen-Ironia-Verbal-y-ACI-SSR_Sylvia-Sastre.pdf\" target=\"_blank\" rel=\"noopener\">Ver Resumen<\/a><br \/><\/strong><em>Sylvia Sastre (Logro\u00f1o, La Rioja)<\/em><\/td>\n<\/tr>\n<tr>\n<td style=\"width: 10.9285%; text-align: center;\">13:15<\/td>\n<td style=\"width: 89.0716%;\"><strong>Intervenci\u00f3n en Dislexia, un programa multicomponencial. &#8211; <a href=\"https:\/\/invanep.com\/congreso-2025\/wp-content\/uploads\/2025\/01\/RESUMEN-WEB-MANUEL-SORIANO-FERRER.pdf\" target=\"_blank\" rel=\"noopener\">Ver Resumen<\/a><br \/><\/strong><em>Manuel Soriano (Valencia)<\/em><\/td>\n<\/tr>\n<tr>\n<td style=\"width: 10.9285%; text-align: center;\">13:45<\/td>\n<td style=\"width: 89.0716%;\"><strong>Coloquio<\/strong><\/td>\n<\/tr>\n<tr style=\"height: 24px;\">\n<td style=\"width: 10.9285%; height: 24px; text-align: center;\">14:10<\/td>\n<td style=\"width: 89.0716%; height: 24px;\"><strong>Conclusiones y cierre del XXVI Congreso Internacional de Actualizaci\u00f3n en Trastornos del Neurodesarrollo<\/strong><\/td>\n<\/tr>\n<\/tbody>\n<\/table>\n<p>[\/et_pb_text][\/et_pb_column][\/et_pb_row][\/et_pb_section][et_pb_section fb_built=\u00bb1&#8243; _builder_version=\u00bb4.27.0&#8243; _module_preset=\u00bbdefault\u00bb bottom_divider_style=\u00bbramp\u00bb bottom_divider_color=\u00bb#00208A\u00bb global_module=\u00bb37&#8243; locked=\u00bboff\u00bb global_colors_info=\u00bb{}\u00bb][et_pb_row column_structure=\u00bb1_2,1_2&#8243; _builder_version=\u00bb4.17.4&#8243; _module_preset=\u00bbdefault\u00bb global_colors_info=\u00bb{}\u00bb][et_pb_column type=\u00bb1_2&#8243; _builder_version=\u00bb4.17.4&#8243; _module_preset=\u00bbdefault\u00bb global_colors_info=\u00bb{}\u00bb][et_pb_text _builder_version=\u00bb4.17.4&#8243; _module_preset=\u00bbdefault\u00bb background_color=\u00bb#00457A\u00bb custom_margin=\u00bb-2px||||false|false\u00bb custom_padding=\u00bb11px||||false|false\u00bb global_colors_info=\u00bb{}\u00bb]<\/p>\n<h4 style=\"text-align: center;\"><span style=\"color: #ffffff;\">ORGANIZACI\u00d3N<\/span><\/h4>\n<p>[\/et_pb_text][\/et_pb_column][et_pb_column type=\u00bb1_2&#8243; _builder_version=\u00bb4.17.4&#8243; _module_preset=\u00bbdefault\u00bb global_colors_info=\u00bb{}\u00bb][et_pb_text _builder_version=\u00bb4.17.4&#8243; _module_preset=\u00bbdefault\u00bb background_color=\u00bb#00457A\u00bb custom_margin=\u00bb-2px||||false|false\u00bb custom_padding=\u00bb11px||||false|false\u00bb global_colors_info=\u00bb{}\u00bb]<\/p>\n<h4 style=\"text-align: center;\"><span style=\"color: #ffffff;\">SECRETAR\u00cdA T\u00c9CNICA<\/span><\/h4>\n<p>[\/et_pb_text][\/et_pb_column][\/et_pb_row][et_pb_row column_structure=\u00bb1_4,1_4,1_4,1_4&#8243; _builder_version=\u00bb4.17.4&#8243; _module_preset=\u00bbdefault\u00bb global_colors_info=\u00bb{}\u00bb][et_pb_column type=\u00bb1_4&#8243; _builder_version=\u00bb4.17.4&#8243; _module_preset=\u00bbdefault\u00bb global_colors_info=\u00bb{}\u00bb][et_pb_image src=\u00bbhttps:\/\/invanep.com\/congreso-2024\/wp-content\/uploads\/2023\/05\/logo_INVANEP.jpg\u00bb title_text=\u00bblogo_INVANEP\u00bb _builder_version=\u00bb4.17.4&#8243; _module_preset=\u00bbdefault\u00bb global_colors_info=\u00bb{}\u00bb][\/et_pb_image][\/et_pb_column][et_pb_column type=\u00bb1_4&#8243; _builder_version=\u00bb4.17.4&#8243; _module_preset=\u00bbdefault\u00bb global_colors_info=\u00bb{}\u00bb][et_pb_text _builder_version=\u00bb4.17.4&#8243; _module_preset=\u00bbdefault\u00bb global_colors_info=\u00bb{}\u00bb]<\/p>\n<h3 class=\"et_pb_module_header\"><a href=\"https:\/\/invanep.com\/\">SECRETAR\u00cdA CIENT\u00cdFICA y ORGANIZACI\u00d3N DEL CONGRESO<\/a><\/h3>\n<div class=\"et_pb_blurb_description\">\n<p><strong><a rel=\"noreferrer noopener\" href=\"https:\/\/invanep.com\/\" target=\"_blank\">Instituto Valenciano de Neurolog\u00eda Pedi\u00e1trica (INVANEP)<\/a><br \/>Calle Artes Gr\u00e1ficas 23, bajo. 46010-Valencia<br \/>Tf: (+ 34)96 361 33 00<br \/><a href=\"https:\/\/www.invanep.com\/\">www.invanep.com<\/a><br \/><a href=\"mailto:secretaria@invanep.com\">secretaria@invanep.com<\/a><\/strong><\/p>\n<\/div>\n<p>[\/et_pb_text][\/et_pb_column][et_pb_column type=\u00bb1_4&#8243; _builder_version=\u00bb4.17.4&#8243; _module_preset=\u00bbdefault\u00bb global_colors_info=\u00bb{}\u00bb][et_pb_image src=\u00bbhttps:\/\/invanep.com\/congreso-2024\/wp-content\/uploads\/2023\/05\/Cartel-Entrada.png\u00bb title_text=\u00bbCartel Entrada\u00bb _builder_version=\u00bb4.17.4&#8243; _module_preset=\u00bbdefault\u00bb global_colors_info=\u00bb{}\u00bb][\/et_pb_image][\/et_pb_column][et_pb_column type=\u00bb1_4&#8243; _builder_version=\u00bb4.17.4&#8243; _module_preset=\u00bbdefault\u00bb global_colors_info=\u00bb{}\u00bb][et_pb_text _builder_version=\u00bb4.17.4&#8243; _module_preset=\u00bbdefault\u00bb global_colors_info=\u00bb{}\u00bb]<\/p>\n<h3 class=\"et_pb_module_header\"><a href=\"https:\/\/www.theoriacongresos.com\/\" target=\"_blank\" rel=\"noopener\">SECRETAR\u00cdA T\u00c9CNICA (inscripciones y consultas)<\/a><\/h3>\n<div class=\"et_pb_blurb_description\">\n<p><a href=\"https:\/\/www.theoriacongresos.com\/\" target=\"_blank\" rel=\"noreferrer noopener\"><strong>THEORIA Congresos<\/strong><\/a><br \/><strong>Calle Gasc\u00f3 Oliag, n\u00ba 6, puerta 4. 46010 Valencia<\/strong><br \/><strong>Tf: (+ 34)960 72 82 12<\/strong><br \/><strong><a rel=\"noreferrer noopener\" href=\"mailto:info@theoriacongresos.com\" target=\"_blank\">info@theoriacongresos.com<\/a><\/strong><\/p>\n<\/div>\n<p>[\/et_pb_text][\/et_pb_column][\/et_pb_row][\/et_pb_section][et_pb_section fb_built=\u00bb1&#8243; _builder_version=\u00bb4.27.0&#8243; _module_preset=\u00bbdefault\u00bb background_color=\u00bb#00208A\u00bb bottom_divider_style=\u00bbramp\u00bb bottom_divider_color=\u00bb#FFFFFF\u00bb bottom_divider_height=\u00bb122px\u00bb global_module=\u00bb46&#8243; global_colors_info=\u00bb{}\u00bb][\/et_pb_section][et_pb_section fb_built=\u00bb1&#8243; _builder_version=\u00bb4.17.4&#8243; _module_preset=\u00bbdefault\u00bb global_module=\u00bb33&#8243; saved_tabs=\u00bball\u00bb locked=\u00bboff\u00bb global_colors_info=\u00bb{}\u00bb][et_pb_row column_structure=\u00bb1_2,1_2&#8243; _builder_version=\u00bb4.17.4&#8243; _module_preset=\u00bbdefault\u00bb global_colors_info=\u00bb{}\u00bb][et_pb_column type=\u00bb1_2&#8243; _builder_version=\u00bb4.17.4&#8243; _module_preset=\u00bbdefault\u00bb global_colors_info=\u00bb{}\u00bb][et_pb_image src=\u00bbhttps:\/\/invanep.com\/congreso-2024\/wp-content\/uploads\/2023\/06\/THEORIA-CongresosNAR.png\u00bb title_text=\u00bbTHEORIA-CongresosNAR\u00bb _builder_version=\u00bb4.17.4&#8243; _module_preset=\u00bbdefault\u00bb width=\u00bb25%\u00bb global_colors_info=\u00bb{}\u00bb][\/et_pb_image][et_pb_text _builder_version=\u00bb4.27.0&#8243; _module_preset=\u00bbdefault\u00bb background_color=\u00bb#FFFFFF\u00bb custom_margin=\u00bb-7px||||false|false\u00bb global_colors_info=\u00bb{}\u00bb]<\/p>\n<div class=\"et_pb_module et_pb_text et_pb_text_28  et_pb_text_align_left et_pb_bg_layout_light\">\n<div class=\"et_pb_text_inner\">\n<h5><span style=\"color: #808080;\">Puedes ponerte en contacto con nosotros a trav\u00e9s de este formulario, enviando un correo o por tel\u00e9fono.<\/span><\/h5>\n<p><span style=\"color: #808080;\"><\/span><\/p>\n<p><span style=\"color: #808080;\"><\/span><\/p>\n<h5><span style=\"color: #0000ff;\"><a href=\"mailto:info@theoriacongresos.com\" target=\"_blank\" rel=\"noopener\" style=\"font-size: 16px; color: #0000ff;\">info@theoriacongresos.com<\/a><\/span><\/h5>\n<h5><span style=\"color: #0000ff;\"><a href=\"http:\/\/57.67.140.148\/\" target=\"_blank\" rel=\"noopener\" style=\"font-size: 16px; color: #0000ff;\">960 72 82 12<\/a><\/span><\/h5>\n<\/div>\n<\/div>\n<p>[\/et_pb_text][\/et_pb_column][et_pb_column type=\u00bb1_2&#8243; _builder_version=\u00bb4.17.4&#8243; _module_preset=\u00bbdefault\u00bb global_colors_info=\u00bb{}\u00bb][et_pb_contact_form email=\u00bbinfo@theoriacongresos.com\u00bb custom_message=\u00bbMensaje enviado desde INVANEP 2025||et_pb_line_break_holder||||et_pb_line_break_holder||Nombre: %%Name%%||et_pb_line_break_holder||Correo: %%Email%%||et_pb_line_break_holder||Mensaje: %%Message%%||et_pb_line_break_holder||\u00bb _builder_version=\u00bb4.27.0&#8243; _module_preset=\u00bbdefault\u00bb _unique_id=\u00bb7750ce6f-7668-47f6-a4f7-f8f5b34c8072&#8243; global_colors_info=\u00bb{}\u00bb][et_pb_contact_field field_id=\u00bbName\u00bb field_title=\u00bbNombre\u00bb _builder_version=\u00bb4.16&#8243; global_colors_info=\u00bb{}\u00bb button_text_size__hover_enabled=\u00bboff\u00bb button_one_text_size__hover_enabled=\u00bboff\u00bb button_two_text_size__hover_enabled=\u00bboff\u00bb button_text_color__hover_enabled=\u00bboff\u00bb button_one_text_color__hover_enabled=\u00bboff\u00bb button_two_text_color__hover_enabled=\u00bboff\u00bb button_border_width__hover_enabled=\u00bboff\u00bb button_one_border_width__hover_enabled=\u00bboff\u00bb button_two_border_width__hover_enabled=\u00bboff\u00bb button_border_color__hover_enabled=\u00bboff\u00bb button_one_border_color__hover_enabled=\u00bboff\u00bb button_two_border_color__hover_enabled=\u00bboff\u00bb button_border_radius__hover_enabled=\u00bboff\u00bb button_one_border_radius__hover_enabled=\u00bboff\u00bb button_two_border_radius__hover_enabled=\u00bboff\u00bb button_letter_spacing__hover_enabled=\u00bboff\u00bb button_one_letter_spacing__hover_enabled=\u00bboff\u00bb button_two_letter_spacing__hover_enabled=\u00bboff\u00bb button_bg_color__hover_enabled=\u00bboff\u00bb button_one_bg_color__hover_enabled=\u00bboff\u00bb button_two_bg_color__hover_enabled=\u00bboff\u00bb][\/et_pb_contact_field][et_pb_contact_field field_id=\u00bbEmail\u00bb field_title=\u00bbDirecci\u00f3n de correo electr\u00f3nico\u00bb field_type=\u00bbemail\u00bb _builder_version=\u00bb4.16&#8243; global_colors_info=\u00bb{}\u00bb button_text_size__hover_enabled=\u00bboff\u00bb button_one_text_size__hover_enabled=\u00bboff\u00bb button_two_text_size__hover_enabled=\u00bboff\u00bb button_text_color__hover_enabled=\u00bboff\u00bb button_one_text_color__hover_enabled=\u00bboff\u00bb button_two_text_color__hover_enabled=\u00bboff\u00bb button_border_width__hover_enabled=\u00bboff\u00bb button_one_border_width__hover_enabled=\u00bboff\u00bb button_two_border_width__hover_enabled=\u00bboff\u00bb button_border_color__hover_enabled=\u00bboff\u00bb button_one_border_color__hover_enabled=\u00bboff\u00bb button_two_border_color__hover_enabled=\u00bboff\u00bb button_border_radius__hover_enabled=\u00bboff\u00bb button_one_border_radius__hover_enabled=\u00bboff\u00bb button_two_border_radius__hover_enabled=\u00bboff\u00bb button_letter_spacing__hover_enabled=\u00bboff\u00bb button_one_letter_spacing__hover_enabled=\u00bboff\u00bb button_two_letter_spacing__hover_enabled=\u00bboff\u00bb button_bg_color__hover_enabled=\u00bboff\u00bb button_one_bg_color__hover_enabled=\u00bboff\u00bb button_two_bg_color__hover_enabled=\u00bboff\u00bb][\/et_pb_contact_field][et_pb_contact_field field_id=\u00bbMessage\u00bb field_title=\u00bbMensaje\u00bb field_type=\u00bbtext\u00bb fullwidth_field=\u00bbon\u00bb _builder_version=\u00bb4.16&#8243; global_colors_info=\u00bb{}\u00bb button_text_size__hover_enabled=\u00bboff\u00bb button_one_text_size__hover_enabled=\u00bboff\u00bb button_two_text_size__hover_enabled=\u00bboff\u00bb button_text_color__hover_enabled=\u00bboff\u00bb button_one_text_color__hover_enabled=\u00bboff\u00bb button_two_text_color__hover_enabled=\u00bboff\u00bb button_border_width__hover_enabled=\u00bboff\u00bb button_one_border_width__hover_enabled=\u00bboff\u00bb button_two_border_width__hover_enabled=\u00bboff\u00bb button_border_color__hover_enabled=\u00bboff\u00bb button_one_border_color__hover_enabled=\u00bboff\u00bb button_two_border_color__hover_enabled=\u00bboff\u00bb button_border_radius__hover_enabled=\u00bboff\u00bb button_one_border_radius__hover_enabled=\u00bboff\u00bb button_two_border_radius__hover_enabled=\u00bboff\u00bb button_letter_spacing__hover_enabled=\u00bboff\u00bb button_one_letter_spacing__hover_enabled=\u00bboff\u00bb button_two_letter_spacing__hover_enabled=\u00bboff\u00bb button_bg_color__hover_enabled=\u00bboff\u00bb button_one_bg_color__hover_enabled=\u00bboff\u00bb button_two_bg_color__hover_enabled=\u00bboff\u00bb][\/et_pb_contact_field][et_pb_contact_field field_id=\u00bbField_5&#8243; field_title=\u00bb \u00bb field_type=\u00bbcheckbox\u00bb checkbox_options=\u00bb%91{%22value%22:%22Acepto la %22,%22checked%22:0,%22dragID%22:-1,%22link_url%22:%22https:\/\/invanep.com\/congreso-2024\/politica-de-privacidad\/%22,%22link_text%22:%22Pol\u00edtica de Privacidad%22}%93&#8243; fullwidth_field=\u00bbon\u00bb _builder_version=\u00bb4.23&#8243; _module_preset=\u00bbdefault\u00bb global_colors_info=\u00bb{}\u00bb][\/et_pb_contact_field][\/et_pb_contact_form][et_pb_code _builder_version=\u00bb4.23&#8243; _module_preset=\u00bbdefault\u00bb global_colors_info=\u00bb{}\u00bb]<script><!-- [et_pb_line_break_holder] -->(function( $ ) {<!-- [et_pb_line_break_holder] -->   $(document).ready(function(){<!-- [et_pb_line_break_holder] -->     <!-- [et_pb_line_break_holder] -->    <!-- [et_pb_line_break_holder] -->     var URLactual = window.location;<!-- [et_pb_line_break_holder] -->    <!-- [et_pb_line_break_holder] --> document.querySelector('p[data-id=\"link\"] input').setAttribute('value', URLactual);<!-- [et_pb_line_break_holder] -->   });  <!-- [et_pb_line_break_holder] -->})( jQuery );<!-- [et_pb_line_break_holder] --><\/script><!-- [et_pb_line_break_holder] --><\/p>\n<style><!-- [et_pb_line_break_holder] -->  p[data-id=\"link\"] {<!-- [et_pb_line_break_holder] -->    margin-bottom:0px;<!-- [et_pb_line_break_holder] -->    height:0px;<!-- [et_pb_line_break_holder] -->  }<!-- [et_pb_line_break_holder] -->  <!-- [et_pb_line_break_holder] -->  p[data-id=\"link\"] input {<!-- [et_pb_line_break_holder] -->     visibility:hidden;<!-- [et_pb_line_break_holder] -->height:0px;<!-- [et_pb_line_break_holder] -->  }<!-- [et_pb_line_break_holder] -->  <!-- [et_pb_line_break_holder] --><\/style>\n<p><!-- [et_pb_line_break_holder] -->[\/et_pb_code][\/et_pb_column][\/et_pb_row][\/et_pb_section]<\/p>\n","protected":false},"excerpt":{"rendered":"<p>Valencia, 7 y 8 de marzo de 2025 Jornadas de tarde (d\u00eda 7) y de ma\u00f1ana (d\u00eda 8). PRESENCIAL \/ ON LINE. Viernes 7 de Marzo 2025 &#8211; 15:00 a 20:30 h. 15:00 Conexi\u00f3n Online 15:10 Bienvenida y Presentaci\u00f3n del XXVII Congreso Trastornos del Neurodesarrollo\u00a0 Fernando Mulas Presidente Comit\u00e9 Organizador 15:15 &#8211; 17:15 NEURODESARROLLO 15:15 [&hellip;]<\/p>\n","protected":false},"author":1,"featured_media":0,"parent":0,"menu_order":0,"comment_status":"closed","ping_status":"closed","template":"","meta":{"_et_pb_use_builder":"on","_et_pb_old_content":"","_et_gb_content_width":"","footnotes":""},"class_list":["post-55","page","type-page","status-publish","hentry"],"_links":{"self":[{"href":"https:\/\/invanep.com\/congreso-2025\/wp-json\/wp\/v2\/pages\/55","targetHints":{"allow":["GET"]}}],"collection":[{"href":"https:\/\/invanep.com\/congreso-2025\/wp-json\/wp\/v2\/pages"}],"about":[{"href":"https:\/\/invanep.com\/congreso-2025\/wp-json\/wp\/v2\/types\/page"}],"author":[{"embeddable":true,"href":"https:\/\/invanep.com\/congreso-2025\/wp-json\/wp\/v2\/users\/1"}],"replies":[{"embeddable":true,"href":"https:\/\/invanep.com\/congreso-2025\/wp-json\/wp\/v2\/comments?post=55"}],"version-history":[{"count":18,"href":"https:\/\/invanep.com\/congreso-2025\/wp-json\/wp\/v2\/pages\/55\/revisions"}],"predecessor-version":[{"id":219,"href":"https:\/\/invanep.com\/congreso-2025\/wp-json\/wp\/v2\/pages\/55\/revisions\/219"}],"wp:attachment":[{"href":"https:\/\/invanep.com\/congreso-2025\/wp-json\/wp\/v2\/media?parent=55"}],"curies":[{"name":"wp","href":"https:\/\/api.w.org\/{rel}","templated":true}]}}