{"id":35,"date":"2024-09-13T10:03:37","date_gmt":"2024-09-13T10:03:37","guid":{"rendered":"https:\/\/invanep.com\/congreso-2025\/?page_id=35"},"modified":"2025-02-11T08:30:37","modified_gmt":"2025-02-11T08:30:37","slug":"salutacion","status":"publish","type":"page","link":"https:\/\/invanep.com\/congreso-2025\/salutacion\/","title":{"rendered":"SALUTACI\u00d3N"},"content":{"rendered":"<p>[et_pb_section fb_built=\u00bb1&#8243; next_background_color=\u00bb#00208A\u00bb _builder_version=\u00bb4.17.4&#8243; _module_preset=\u00bbdefault\u00bb background_image=\u00bbhttps:\/\/invanep.com\/congreso-2025\/wp-content\/uploads\/2024\/09\/BANNER.jpg\u00bb bottom_divider_style=\u00bbramp\u00bb bottom_divider_height=\u00bb49px\u00bb global_module=\u00bb115&#8243; global_colors_info=\u00bb{}\u00bb][et_pb_row _builder_version=\u00bb4.27.0&#8243; _module_preset=\u00bbdefault\u00bb background_color=\u00bb#FFFFFF\u00bb horizontal_offset=\u00bb477px\u00bb width=\u00bb100%\u00bb max_width=\u00bb736px\u00bb custom_padding=\u00bb49px||49px||true|false\u00bb border_radii=\u00bbon|26px|26px|26px|26px\u00bb box_shadow_style=\u00bbpreset1&#8243; global_colors_info=\u00bb{}\u00bb][et_pb_column type=\u00bb4_4&#8243; _builder_version=\u00bb4.17.4&#8243; _module_preset=\u00bbdefault\u00bb global_colors_info=\u00bb{}\u00bb][et_pb_image src=\u00bbhttps:\/\/invanep.com\/congreso-2025\/wp-content\/uploads\/2024\/09\/titol.png\u00bb title_text=\u00bbtitol\u00bb align=\u00bbcenter\u00bb _builder_version=\u00bb4.27.0&#8243; _module_preset=\u00bbdefault\u00bb background_color=\u00bbRGBA(255,255,255,0)\u00bb positioning=\u00bbrelative\u00bb max_width=\u00bb500%\u00bb global_colors_info=\u00bb{}\u00bb][\/et_pb_image][et_pb_text _builder_version=\u00bb4.27.0&#8243; _module_preset=\u00bbdefault\u00bb global_colors_info=\u00bb{}\u00bb]<\/p>\n<h2 style=\"text-align: center;\"><span style=\"color: #000080;\"><strong>Valencia, 7 y 8 de marzo de 2025<\/strong><\/span><\/h2>\n<h4 style=\"text-align: center;\">Jornadas de tarde (d\u00eda 7) y de ma\u00f1ana (d\u00eda 8). PRESENCIAL \/ ON LINE.<\/h4>\n<p>[\/et_pb_text][\/et_pb_column][\/et_pb_row][\/et_pb_section][et_pb_section fb_built=\u00bb1&#8243; next_background_color=\u00bb#ffffff\u00bb _builder_version=\u00bb4.17.4&#8243; _module_preset=\u00bbdefault\u00bb background_color=\u00bb#00208A\u00bb bottom_divider_style=\u00bbramp\u00bb bottom_divider_height=\u00bb122px\u00bb locked=\u00bboff\u00bb global_colors_info=\u00bb{}\u00bb][\/et_pb_section][et_pb_section fb_built=\u00bb1&#8243; _builder_version=\u00bb4.17.4&#8243; _module_preset=\u00bbdefault\u00bb locked=\u00bboff\u00bb global_colors_info=\u00bb{}\u00bb][et_pb_row column_structure=\u00bb3_5,2_5&#8243; _builder_version=\u00bb4.27.0&#8243; _module_preset=\u00bbdefault\u00bb global_colors_info=\u00bb{}\u00bb][et_pb_column type=\u00bb3_5&#8243; _builder_version=\u00bb4.17.4&#8243; _module_preset=\u00bbdefault\u00bb global_colors_info=\u00bb{}\u00bb][et_pb_text _builder_version=\u00bb4.27.0&#8243; _module_preset=\u00bbdefault\u00bb border_width_bottom=\u00bb5px\u00bb border_color_bottom=\u00bb#00208A\u00bb global_colors_info=\u00bb{}\u00bb]<\/p>\n<h1><span style=\"color: #000080;\"><strong>SALUTACI\u00d3N<\/strong><\/span><\/h1>\n<p>[\/et_pb_text][et_pb_text _builder_version=\u00bb4.27.4&#8243; _module_preset=\u00bbdefault\u00bb global_colors_info=\u00bb{}\u00bb]<\/p>\n<p><strong>SALUTACI\u00d3N: NEURODESARROLLO Y FUTURO CON LA INTELIGENCIA ARTIFICIAL<\/strong><\/p>\n<p>Reconozco que al plantearme una nueva SALUTACI\u00d3N e introducci\u00f3n al suplemento de la Revista MEDICINA con el contenido de este CONGRESO INTERNACIONAL SOBRE TRATORNOS DEL NEURODESARROLLO, que va nada menos que por su 27\u00aa edici\u00f3n, pens\u00e9 que ser\u00eda arduo encontrar nuevas palabras para su presentaci\u00f3n. Al comenzar las conferencias con una magistral del Profesor Salvador Mart\u00ednez sobre FUTURO DE LA INTELIGENCIA: CEREBRO NATURAL, CEREBRO ARTIFICIAL, tambi\u00e9n reconozco que se me ocurri\u00f3 pedir a la plataforma digital m\u00e1s reconocida sobre inteligencia artificial que me hiciese la salutaci\u00f3n.<\/p>\n<p>Pensado y hecho, \u201cpensat y fet\u201d, como decimos en Valencia, resultando que efectivamente en solo dos segundos hizo una estupenda presentaci\u00f3n que casi enseguida desech\u00e9, para no caer en la tentaci\u00f3n de utilizarla. Intu\u00ed el peligro que para el intelecto humano supone el ahorro del esfuerzo racional del pensamiento, evitando la realizaci\u00f3n de tareas que supongan un\u00a0 mayor esfuerzo mental, justo como dice uno de los items de diagn\u00f3stico del DSM-IV para el TDAH.<\/p>\n<p>\u00a0Los trastornos del neurodesarrollo, como el Trastorno por D\u00e9ficit de Atenci\u00f3n e Hiperactividad (TDAH), el Trastorno del Espectro Autista (TEA), las discapacidades intelectuales, las dificultades del aprendizaje y trastornos del lenguaje, presentan desaf\u00edos complejos que afectan el desarrollo cognitivo, social y emocional. Pero mal que nos pese, o tal vez afortunadamente, seg\u00fan se mire, la inteligencia artificial (IA) surge como una herramienta poderosa capaz de ampliar nuestra capacidad para identificar patrones, personalizar intervenciones y optimizar recursos en beneficio de quienes se enfrentan a estos retos.<\/p>\n<p>Los manuscritos de este suplemento relacionados con las citadas tem\u00e1ticas suponen una nueva puesta al d\u00eda de los problemas que son los m\u00e1s frecuentes en los centros neuropedi\u00e1tricos y psiqui\u00e1tricos de la infancia y adolescencia. Adem\u00e1s cada a\u00f1o se implementan con tem\u00e1ticas como gen\u00e9tica, heredabilidad o neurofisiolog\u00eda, abri\u00e9ndose nuevos horizontes del conocimiento, que se completan con exposiciones sobre intervenciones terap\u00e9uticas de inter\u00e9s pr\u00e1ctico para los profesionales de la salud interesados en los trastornos del neurodesarrollo, como psic\u00f3logos, pedagogos, psicopedagogos, logopedas, y en general los terapeutas que atienden a estos ni\u00f1os.<\/p>\n<p>La dedicaci\u00f3n a los trastornos del neurodesarrollo supone una continuidad que parece no tener fin, como las llamadas \u201c<em>matrioskas<\/em>\u201d, esas figuras artesanas rusas de madera que se insertan una dentro de la otra sucesivamente. Hablando del desarrollo cerebral los temas son apasionantes y siempre se encuentra una opci\u00f3n para continuar descubriendo facetas de inter\u00e9s que ayudan a entender el complejo funcionamiento cerebral.<\/p>\n<p>Agradecemos a los ponentes sus magn\u00edficas aportaciones y el esfuerzo en cumplir con los plazos para la publicaci\u00f3n, que adem\u00e1s act\u00faan como revisores externos an\u00f3nimos. Tambi\u00e9n a los autores de las m\u00e1s de 27 comunicaciones que se presentar\u00e1n en el congreso con ideas y planteamientos sorprendentes que despertar\u00e1n el inter\u00e9s de todos. Gracias a los patrocinadores que colaboran para la continuidad y sobre todo a los asistentes presenciales y online, que se incrementan cada a\u00f1o, lo que anima a nuevas ediciones. Un \u00faltimo reconocimiento final: el tercer p\u00e1rrafo est\u00e1 sacado de la plataforma citada al principio y espero que no se hayan dado cuenta.<\/p>\n<p>&nbsp;<\/p>\n<p><em>Dr. Fernando Mulas. Presidente del Comit\u00e9 Organizador XXVII Congreso Trastornos Neurodesarrollo<\/em><\/p>\n<p>[\/et_pb_text][\/et_pb_column][et_pb_column type=\u00bb2_5&#8243; _builder_version=\u00bb4.17.4&#8243; _module_preset=\u00bbdefault\u00bb global_colors_info=\u00bb{}\u00bb][et_pb_text _builder_version=\u00bb4.27.4&#8243; _module_preset=\u00bbdefault\u00bb border_width_bottom=\u00bb5px\u00bb border_color_bottom=\u00bb#00208A\u00bb global_colors_info=\u00bb{}\u00bb]<\/p>\n<h1><span style=\"color: #000080;\"><strong>PRESENTACI\u00d3N<\/strong><\/span><\/h1>\n<p>[\/et_pb_text][et_pb_text _builder_version=\u00bb4.27.0&#8243; _module_preset=\u00bbdefault\u00bb global_colors_info=\u00bb{}\u00bb]<\/p>\n<h4><strong><em>Fernando Mulas<\/em><\/strong><\/h4>\n<h4><em>Presidente Comit\u00e9 Organizador<\/em><\/h4>\n<p>[\/et_pb_text][et_pb_video src=\u00bbhttps:\/\/invanep.com\/congreso-2025\/wp-content\/uploads\/2024\/09\/VID-20240918-WA0019.mp4&#8243; _builder_version=\u00bb4.27.0&#8243; _module_preset=\u00bbdefault\u00bb border_radii=\u00bbon|12px|12px|12px|12px\u00bb box_shadow_style=\u00bbpreset1&#8243; global_colors_info=\u00bb{}\u00bb][\/et_pb_video][et_pb_image src=\u00bbhttps:\/\/invanep.com\/congreso-2025\/wp-content\/uploads\/2024\/09\/Poster-scaled.jpg\u00bb title_text=\u00bbPoster\u00bb url=\u00bbhttps:\/\/invanep.com\/congreso-2025\/wp-content\/uploads\/2025\/02\/PROGRAMA-XXVII-CONGRESO-TRASTORNOS-NEURODESARROLLO10-del-2.pdf\u00bb url_new_window=\u00bbon\u00bb _builder_version=\u00bb4.27.4&#8243; _module_preset=\u00bbdefault\u00bb width=\u00bb86%\u00bb module_alignment=\u00bbcenter\u00bb hover_enabled=\u00bb0&#8243; border_radii=\u00bbon|22px|22px|22px|22px\u00bb box_shadow_style=\u00bbpreset1&#8243; global_colors_info=\u00bb{}\u00bb transform_styles__hover_enabled=\u00bbon|hover\u00bb transform_scale__hover_enabled=\u00bbon|hover\u00bb transform_translate__hover_enabled=\u00bbon|desktop\u00bb transform_rotate__hover_enabled=\u00bbon|desktop\u00bb transform_skew__hover_enabled=\u00bbon|desktop\u00bb transform_origin__hover_enabled=\u00bbon|desktop\u00bb transform_scale__hover=\u00bb110%|110%\u00bb sticky_enabled=\u00bb0&#8243;][\/et_pb_image][\/et_pb_column][\/et_pb_row][\/et_pb_section][et_pb_section fb_built=\u00bb1&#8243; _builder_version=\u00bb4.27.0&#8243; _module_preset=\u00bbdefault\u00bb bottom_divider_style=\u00bbramp\u00bb bottom_divider_color=\u00bb#00208A\u00bb global_module=\u00bb37&#8243; locked=\u00bboff\u00bb global_colors_info=\u00bb{}\u00bb][et_pb_row column_structure=\u00bb1_2,1_2&#8243; _builder_version=\u00bb4.17.4&#8243; _module_preset=\u00bbdefault\u00bb global_colors_info=\u00bb{}\u00bb][et_pb_column type=\u00bb1_2&#8243; _builder_version=\u00bb4.17.4&#8243; _module_preset=\u00bbdefault\u00bb global_colors_info=\u00bb{}\u00bb][et_pb_text _builder_version=\u00bb4.17.4&#8243; _module_preset=\u00bbdefault\u00bb background_color=\u00bb#00457A\u00bb custom_margin=\u00bb-2px||||false|false\u00bb custom_padding=\u00bb11px||||false|false\u00bb global_colors_info=\u00bb{}\u00bb]<\/p>\n<h4 style=\"text-align: center;\"><span style=\"color: #ffffff;\">ORGANIZACI\u00d3N<\/span><\/h4>\n<p>[\/et_pb_text][\/et_pb_column][et_pb_column type=\u00bb1_2&#8243; _builder_version=\u00bb4.17.4&#8243; _module_preset=\u00bbdefault\u00bb global_colors_info=\u00bb{}\u00bb][et_pb_text _builder_version=\u00bb4.17.4&#8243; _module_preset=\u00bbdefault\u00bb background_color=\u00bb#00457A\u00bb custom_margin=\u00bb-2px||||false|false\u00bb custom_padding=\u00bb11px||||false|false\u00bb global_colors_info=\u00bb{}\u00bb]<\/p>\n<h4 style=\"text-align: center;\"><span style=\"color: #ffffff;\">SECRETAR\u00cdA T\u00c9CNICA<\/span><\/h4>\n<p>[\/et_pb_text][\/et_pb_column][\/et_pb_row][et_pb_row column_structure=\u00bb1_4,1_4,1_4,1_4&#8243; _builder_version=\u00bb4.17.4&#8243; _module_preset=\u00bbdefault\u00bb global_colors_info=\u00bb{}\u00bb][et_pb_column type=\u00bb1_4&#8243; _builder_version=\u00bb4.17.4&#8243; _module_preset=\u00bbdefault\u00bb global_colors_info=\u00bb{}\u00bb][et_pb_image src=\u00bbhttps:\/\/invanep.com\/congreso-2024\/wp-content\/uploads\/2023\/05\/logo_INVANEP.jpg\u00bb title_text=\u00bblogo_INVANEP\u00bb _builder_version=\u00bb4.17.4&#8243; _module_preset=\u00bbdefault\u00bb global_colors_info=\u00bb{}\u00bb][\/et_pb_image][\/et_pb_column][et_pb_column type=\u00bb1_4&#8243; _builder_version=\u00bb4.17.4&#8243; _module_preset=\u00bbdefault\u00bb global_colors_info=\u00bb{}\u00bb][et_pb_text _builder_version=\u00bb4.17.4&#8243; _module_preset=\u00bbdefault\u00bb global_colors_info=\u00bb{}\u00bb]<\/p>\n<h3 class=\"et_pb_module_header\"><a href=\"https:\/\/invanep.com\/\">SECRETAR\u00cdA CIENT\u00cdFICA y ORGANIZACI\u00d3N DEL CONGRESO<\/a><\/h3>\n<div class=\"et_pb_blurb_description\">\n<p><strong><a rel=\"noreferrer noopener\" href=\"https:\/\/invanep.com\/\" target=\"_blank\">Instituto Valenciano de Neurolog\u00eda Pedi\u00e1trica (INVANEP)<\/a><br \/>Calle Artes Gr\u00e1ficas 23, bajo. 46010-Valencia<br \/>Tf: (+ 34)96 361 33 00<br \/><a href=\"https:\/\/www.invanep.com\/\">www.invanep.com<\/a><br \/><a href=\"mailto:secretaria@invanep.com\">secretaria@invanep.com<\/a><\/strong><\/p>\n<\/div>\n<p>[\/et_pb_text][\/et_pb_column][et_pb_column type=\u00bb1_4&#8243; _builder_version=\u00bb4.17.4&#8243; _module_preset=\u00bbdefault\u00bb global_colors_info=\u00bb{}\u00bb][et_pb_image src=\u00bbhttps:\/\/invanep.com\/congreso-2024\/wp-content\/uploads\/2023\/05\/Cartel-Entrada.png\u00bb title_text=\u00bbCartel Entrada\u00bb _builder_version=\u00bb4.17.4&#8243; _module_preset=\u00bbdefault\u00bb global_colors_info=\u00bb{}\u00bb][\/et_pb_image][\/et_pb_column][et_pb_column type=\u00bb1_4&#8243; _builder_version=\u00bb4.17.4&#8243; _module_preset=\u00bbdefault\u00bb global_colors_info=\u00bb{}\u00bb][et_pb_text _builder_version=\u00bb4.17.4&#8243; _module_preset=\u00bbdefault\u00bb global_colors_info=\u00bb{}\u00bb]<\/p>\n<h3 class=\"et_pb_module_header\"><a href=\"https:\/\/www.theoriacongresos.com\/\" target=\"_blank\" rel=\"noopener\">SECRETAR\u00cdA T\u00c9CNICA (inscripciones y consultas)<\/a><\/h3>\n<div class=\"et_pb_blurb_description\">\n<p><a href=\"https:\/\/www.theoriacongresos.com\/\" target=\"_blank\" rel=\"noreferrer noopener\"><strong>THEORIA Congresos<\/strong><\/a><br \/><strong>Calle Gasc\u00f3 Oliag, n\u00ba 6, puerta 4. 46010 Valencia<\/strong><br \/><strong>Tf: (+ 34)960 72 82 12<\/strong><br \/><strong><a rel=\"noreferrer noopener\" href=\"mailto:info@theoriacongresos.com\" target=\"_blank\">info@theoriacongresos.com<\/a><\/strong><\/p>\n<\/div>\n<p>[\/et_pb_text][\/et_pb_column][\/et_pb_row][\/et_pb_section][et_pb_section fb_built=\u00bb1&#8243; next_background_color=\u00bb#ffffff\u00bb _builder_version=\u00bb4.17.4&#8243; _module_preset=\u00bbdefault\u00bb background_color=\u00bb#00208A\u00bb bottom_divider_style=\u00bbramp\u00bb bottom_divider_height=\u00bb122px\u00bb locked=\u00bboff\u00bb global_colors_info=\u00bb{}\u00bb][\/et_pb_section][et_pb_section fb_built=\u00bb1&#8243; _builder_version=\u00bb4.17.4&#8243; _module_preset=\u00bbdefault\u00bb global_module=\u00bb33&#8243; saved_tabs=\u00bball\u00bb locked=\u00bboff\u00bb global_colors_info=\u00bb{}\u00bb][et_pb_row column_structure=\u00bb1_2,1_2&#8243; _builder_version=\u00bb4.17.4&#8243; _module_preset=\u00bbdefault\u00bb global_colors_info=\u00bb{}\u00bb][et_pb_column type=\u00bb1_2&#8243; _builder_version=\u00bb4.17.4&#8243; _module_preset=\u00bbdefault\u00bb global_colors_info=\u00bb{}\u00bb][et_pb_image src=\u00bbhttps:\/\/invanep.com\/congreso-2024\/wp-content\/uploads\/2023\/06\/THEORIA-CongresosNAR.png\u00bb title_text=\u00bbTHEORIA-CongresosNAR\u00bb _builder_version=\u00bb4.17.4&#8243; _module_preset=\u00bbdefault\u00bb width=\u00bb25%\u00bb global_colors_info=\u00bb{}\u00bb][\/et_pb_image][et_pb_text _builder_version=\u00bb4.27.0&#8243; _module_preset=\u00bbdefault\u00bb background_color=\u00bb#FFFFFF\u00bb custom_margin=\u00bb-7px||||false|false\u00bb global_colors_info=\u00bb{}\u00bb]<\/p>\n<div class=\"et_pb_module et_pb_text et_pb_text_28  et_pb_text_align_left et_pb_bg_layout_light\">\n<div class=\"et_pb_text_inner\">\n<h5><span style=\"color: #808080;\">Puedes ponerte en contacto con nosotros a trav\u00e9s de este formulario, enviando un correo o por tel\u00e9fono.<\/span><\/h5>\n<p><span style=\"color: #808080;\"><\/span><\/p>\n<p><span style=\"color: #808080;\"><\/span><\/p>\n<h5><span style=\"color: #0000ff;\"><a href=\"mailto:info@theoriacongresos.com\" target=\"_blank\" rel=\"noopener\" style=\"font-size: 16px; color: #0000ff;\">info@theoriacongresos.com<\/a><\/span><\/h5>\n<h5><span style=\"color: #0000ff;\"><a href=\"http:\/\/57.67.140.148\/\" target=\"_blank\" rel=\"noopener\" style=\"font-size: 16px; color: #0000ff;\">960 72 82 12<\/a><\/span><\/h5>\n<\/div>\n<\/div>\n<p>[\/et_pb_text][\/et_pb_column][et_pb_column type=\u00bb1_2&#8243; _builder_version=\u00bb4.17.4&#8243; _module_preset=\u00bbdefault\u00bb global_colors_info=\u00bb{}\u00bb][et_pb_contact_form email=\u00bbinfo@theoriacongresos.com\u00bb custom_message=\u00bbMensaje enviado desde INVANEP 2025||et_pb_line_break_holder||||et_pb_line_break_holder||Nombre: %%Name%%||et_pb_line_break_holder||Correo: %%Email%%||et_pb_line_break_holder||Mensaje: %%Message%%||et_pb_line_break_holder||\u00bb _builder_version=\u00bb4.27.0&#8243; _module_preset=\u00bbdefault\u00bb _unique_id=\u00bb7750ce6f-7668-47f6-a4f7-f8f5b34c8072&#8243; global_colors_info=\u00bb{}\u00bb][et_pb_contact_field field_id=\u00bbName\u00bb field_title=\u00bbNombre\u00bb _builder_version=\u00bb4.16&#8243; global_colors_info=\u00bb{}\u00bb button_text_size__hover_enabled=\u00bboff\u00bb button_one_text_size__hover_enabled=\u00bboff\u00bb button_two_text_size__hover_enabled=\u00bboff\u00bb button_text_color__hover_enabled=\u00bboff\u00bb button_one_text_color__hover_enabled=\u00bboff\u00bb button_two_text_color__hover_enabled=\u00bboff\u00bb button_border_width__hover_enabled=\u00bboff\u00bb button_one_border_width__hover_enabled=\u00bboff\u00bb button_two_border_width__hover_enabled=\u00bboff\u00bb button_border_color__hover_enabled=\u00bboff\u00bb button_one_border_color__hover_enabled=\u00bboff\u00bb button_two_border_color__hover_enabled=\u00bboff\u00bb button_border_radius__hover_enabled=\u00bboff\u00bb button_one_border_radius__hover_enabled=\u00bboff\u00bb button_two_border_radius__hover_enabled=\u00bboff\u00bb button_letter_spacing__hover_enabled=\u00bboff\u00bb button_one_letter_spacing__hover_enabled=\u00bboff\u00bb button_two_letter_spacing__hover_enabled=\u00bboff\u00bb button_bg_color__hover_enabled=\u00bboff\u00bb button_one_bg_color__hover_enabled=\u00bboff\u00bb button_two_bg_color__hover_enabled=\u00bboff\u00bb][\/et_pb_contact_field][et_pb_contact_field field_id=\u00bbEmail\u00bb field_title=\u00bbDirecci\u00f3n de correo electr\u00f3nico\u00bb field_type=\u00bbemail\u00bb _builder_version=\u00bb4.16&#8243; global_colors_info=\u00bb{}\u00bb button_text_size__hover_enabled=\u00bboff\u00bb button_one_text_size__hover_enabled=\u00bboff\u00bb button_two_text_size__hover_enabled=\u00bboff\u00bb button_text_color__hover_enabled=\u00bboff\u00bb button_one_text_color__hover_enabled=\u00bboff\u00bb button_two_text_color__hover_enabled=\u00bboff\u00bb button_border_width__hover_enabled=\u00bboff\u00bb button_one_border_width__hover_enabled=\u00bboff\u00bb button_two_border_width__hover_enabled=\u00bboff\u00bb button_border_color__hover_enabled=\u00bboff\u00bb button_one_border_color__hover_enabled=\u00bboff\u00bb button_two_border_color__hover_enabled=\u00bboff\u00bb button_border_radius__hover_enabled=\u00bboff\u00bb button_one_border_radius__hover_enabled=\u00bboff\u00bb button_two_border_radius__hover_enabled=\u00bboff\u00bb button_letter_spacing__hover_enabled=\u00bboff\u00bb button_one_letter_spacing__hover_enabled=\u00bboff\u00bb button_two_letter_spacing__hover_enabled=\u00bboff\u00bb button_bg_color__hover_enabled=\u00bboff\u00bb button_one_bg_color__hover_enabled=\u00bboff\u00bb button_two_bg_color__hover_enabled=\u00bboff\u00bb][\/et_pb_contact_field][et_pb_contact_field field_id=\u00bbMessage\u00bb field_title=\u00bbMensaje\u00bb field_type=\u00bbtext\u00bb fullwidth_field=\u00bbon\u00bb _builder_version=\u00bb4.16&#8243; global_colors_info=\u00bb{}\u00bb button_text_size__hover_enabled=\u00bboff\u00bb button_one_text_size__hover_enabled=\u00bboff\u00bb button_two_text_size__hover_enabled=\u00bboff\u00bb button_text_color__hover_enabled=\u00bboff\u00bb button_one_text_color__hover_enabled=\u00bboff\u00bb button_two_text_color__hover_enabled=\u00bboff\u00bb button_border_width__hover_enabled=\u00bboff\u00bb button_one_border_width__hover_enabled=\u00bboff\u00bb button_two_border_width__hover_enabled=\u00bboff\u00bb button_border_color__hover_enabled=\u00bboff\u00bb button_one_border_color__hover_enabled=\u00bboff\u00bb button_two_border_color__hover_enabled=\u00bboff\u00bb button_border_radius__hover_enabled=\u00bboff\u00bb button_one_border_radius__hover_enabled=\u00bboff\u00bb button_two_border_radius__hover_enabled=\u00bboff\u00bb button_letter_spacing__hover_enabled=\u00bboff\u00bb button_one_letter_spacing__hover_enabled=\u00bboff\u00bb button_two_letter_spacing__hover_enabled=\u00bboff\u00bb button_bg_color__hover_enabled=\u00bboff\u00bb button_one_bg_color__hover_enabled=\u00bboff\u00bb button_two_bg_color__hover_enabled=\u00bboff\u00bb][\/et_pb_contact_field][et_pb_contact_field field_id=\u00bbField_5&#8243; field_title=\u00bb \u00bb field_type=\u00bbcheckbox\u00bb checkbox_options=\u00bb%91{%22value%22:%22Acepto la %22,%22checked%22:0,%22dragID%22:-1,%22link_url%22:%22https:\/\/invanep.com\/congreso-2024\/politica-de-privacidad\/%22,%22link_text%22:%22Pol\u00edtica de Privacidad%22}%93&#8243; fullwidth_field=\u00bbon\u00bb _builder_version=\u00bb4.23&#8243; _module_preset=\u00bbdefault\u00bb global_colors_info=\u00bb{}\u00bb][\/et_pb_contact_field][\/et_pb_contact_form][et_pb_code _builder_version=\u00bb4.23&#8243; _module_preset=\u00bbdefault\u00bb global_colors_info=\u00bb{}\u00bb]<script><!-- [et_pb_line_break_holder] -->(function( $ ) {<!-- [et_pb_line_break_holder] -->   $(document).ready(function(){<!-- [et_pb_line_break_holder] -->     <!-- [et_pb_line_break_holder] -->    <!-- [et_pb_line_break_holder] -->     var URLactual = window.location;<!-- [et_pb_line_break_holder] -->    <!-- [et_pb_line_break_holder] --> document.querySelector('p[data-id=\"link\"] input').setAttribute('value', URLactual);<!-- [et_pb_line_break_holder] -->   });  <!-- [et_pb_line_break_holder] -->})( jQuery );<!-- [et_pb_line_break_holder] --><\/script><!-- [et_pb_line_break_holder] --><\/p>\n<style><!-- [et_pb_line_break_holder] -->  p[data-id=\"link\"] {<!-- [et_pb_line_break_holder] -->    margin-bottom:0px;<!-- [et_pb_line_break_holder] -->    height:0px;<!-- [et_pb_line_break_holder] -->  }<!-- [et_pb_line_break_holder] -->  <!-- [et_pb_line_break_holder] -->  p[data-id=\"link\"] input {<!-- [et_pb_line_break_holder] -->     visibility:hidden;<!-- [et_pb_line_break_holder] -->height:0px;<!-- [et_pb_line_break_holder] -->  }<!-- [et_pb_line_break_holder] -->  <!-- [et_pb_line_break_holder] --><\/style>\n<p><!-- [et_pb_line_break_holder] -->[\/et_pb_code][\/et_pb_column][\/et_pb_row][\/et_pb_section]<\/p>\n","protected":false},"excerpt":{"rendered":"<p>Valencia, 7 y 8 de marzo de 2025 Jornadas de tarde (d\u00eda 7) y de ma\u00f1ana (d\u00eda 8). PRESENCIAL \/ ON LINE.SALUTACI\u00d3NSALUTACI\u00d3N: NEURODESARROLLO Y FUTURO CON LA INTELIGENCIA ARTIFICIAL Reconozco que al plantearme una nueva SALUTACI\u00d3N e introducci\u00f3n al suplemento de la Revista MEDICINA con el contenido de este CONGRESO INTERNACIONAL SOBRE TRATORNOS DEL NEURODESARROLLO, [&hellip;]<\/p>\n","protected":false},"author":1,"featured_media":0,"parent":0,"menu_order":0,"comment_status":"closed","ping_status":"closed","template":"","meta":{"_et_pb_use_builder":"on","_et_pb_old_content":"","_et_gb_content_width":"","footnotes":""},"class_list":["post-35","page","type-page","status-publish","hentry"],"_links":{"self":[{"href":"https:\/\/invanep.com\/congreso-2025\/wp-json\/wp\/v2\/pages\/35","targetHints":{"allow":["GET"]}}],"collection":[{"href":"https:\/\/invanep.com\/congreso-2025\/wp-json\/wp\/v2\/pages"}],"about":[{"href":"https:\/\/invanep.com\/congreso-2025\/wp-json\/wp\/v2\/types\/page"}],"author":[{"embeddable":true,"href":"https:\/\/invanep.com\/congreso-2025\/wp-json\/wp\/v2\/users\/1"}],"replies":[{"embeddable":true,"href":"https:\/\/invanep.com\/congreso-2025\/wp-json\/wp\/v2\/comments?post=35"}],"version-history":[{"count":9,"href":"https:\/\/invanep.com\/congreso-2025\/wp-json\/wp\/v2\/pages\/35\/revisions"}],"predecessor-version":[{"id":196,"href":"https:\/\/invanep.com\/congreso-2025\/wp-json\/wp\/v2\/pages\/35\/revisions\/196"}],"wp:attachment":[{"href":"https:\/\/invanep.com\/congreso-2025\/wp-json\/wp\/v2\/media?parent=35"}],"curies":[{"name":"wp","href":"https:\/\/api.w.org\/{rel}","templated":true}]}}