{"id":37,"date":"2020-12-08T10:42:13","date_gmt":"2020-12-08T10:42:13","guid":{"rendered":"https:\/\/invanep.com\/congreso-2021\/?page_id=37"},"modified":"2020-12-08T17:39:57","modified_gmt":"2020-12-08T17:39:57","slug":"secretarias","status":"publish","type":"page","link":"https:\/\/invanep.com\/congreso-2021\/secretarias\/","title":{"rendered":"Secretar\u00edas"},"content":{"rendered":"\n<p class=\"has-medium-font-size\"><strong>SECRETAR\u00cdA CIENT\u00cdFICA y ORGANIZACI\u00d3N DEL CONGRESO<\/strong><\/p>\n\n\n\n<div class=\"wp-block-media-text alignwide is-stacked-on-mobile\"><figure class=\"wp-block-media-text__media\"><img loading=\"lazy\" width=\"773\" height=\"286\" src=\"https:\/\/invanep.com\/congreso-2021\/wp-content\/uploads\/2020\/12\/logo_invanep.png\" alt=\"\" class=\"wp-image-8\" srcset=\"https:\/\/invanep.com\/congreso-2021\/wp-content\/uploads\/2020\/12\/logo_invanep.png 773w, https:\/\/invanep.com\/congreso-2021\/wp-content\/uploads\/2020\/12\/logo_invanep-300x111.png 300w, https:\/\/invanep.com\/congreso-2021\/wp-content\/uploads\/2020\/12\/logo_invanep-768x284.png 768w\" sizes=\"(max-width: 773px) 100vw, 773px\" \/><\/figure><div class=\"wp-block-media-text__content\">\n<p class=\"has-black-color has-text-color\"><a rel=\"noreferrer noopener\" href=\"https:\/\/invanep.com\/\" target=\"_blank\">Instituto Valenciano de Neurolog\u00eda Pedi\u00e1trica (INVANEP)<\/a><br>Calle Artes Gr\u00e1ficas 23, bajo. 46010-Valencia<br>Tf: (+ 34)96 361 33 00<br><a href=\"https:\/\/www.invanep.com\/\">www.invanep.com<\/a><br><a href=\"mailto:secretaria@invanep.com\">secretaria@invanep.com<\/a><\/p>\n<\/div><\/div>\n\n\n\n<hr class=\"wp-block-separator\"\/>\n\n\n\n<p class=\"has-medium-font-size\"><strong>SECRETAR\u00cdA T\u00c9CNICA<\/strong><br>Inscripciones y consultas.<\/p>\n\n\n\n<div class=\"wp-block-media-text alignwide is-stacked-on-mobile\"><figure class=\"wp-block-media-text__media\"><img loading=\"lazy\" width=\"1024\" height=\"768\" src=\"https:\/\/invanep.com\/congreso-2021\/wp-content\/uploads\/2020\/12\/logo-TheoriaCongresos.jpg\" alt=\"\" class=\"wp-image-100\" srcset=\"https:\/\/invanep.com\/congreso-2021\/wp-content\/uploads\/2020\/12\/logo-TheoriaCongresos.jpg 1024w, https:\/\/invanep.com\/congreso-2021\/wp-content\/uploads\/2020\/12\/logo-TheoriaCongresos-300x225.jpg 300w, https:\/\/invanep.com\/congreso-2021\/wp-content\/uploads\/2020\/12\/logo-TheoriaCongresos-768x576.jpg 768w\" sizes=\"(max-width: 1024px) 100vw, 1024px\" \/><\/figure><div class=\"wp-block-media-text__content\">\n<p class=\"has-black-color has-text-color\"><a rel=\"noreferrer noopener\" href=\"https:\/\/invanep.com\/\" target=\"_blank\"><strong>THEORIA Congresos<\/strong><\/a><br>Calle Carreres Puchalt, 6. 46020-Valencia<br>Tf: (+ 34)960 72 82 12<br><a rel=\"noreferrer noopener\" href=\"mailto:info@theoriacongresos.com\" target=\"_blank\">info@theoriacongresos.com\/<\/a><\/p>\n<\/div><\/div>\n\n\n\n<div class=\"wp-block-contact-form-7-contact-form-selector\"><div role=\"form\" class=\"wpcf7\" id=\"wpcf7-f126-o1\" lang=\"es-ES\" dir=\"ltr\">\n<div class=\"screen-reader-response\"><p role=\"status\" aria-live=\"polite\" aria-atomic=\"true\"><\/p> <ul><\/ul><\/div>\n<form action=\"\/congreso-2021\/wp-json\/wp\/v2\/pages\/37#wpcf7-f126-o1\" method=\"post\" class=\"wpcf7-form init\" novalidate=\"novalidate\" data-status=\"init\">\n<div style=\"display: none;\">\n<input type=\"hidden\" name=\"_wpcf7\" value=\"126\" \/>\n<input type=\"hidden\" name=\"_wpcf7_version\" value=\"5.3.1\" \/>\n<input type=\"hidden\" name=\"_wpcf7_locale\" value=\"es_ES\" \/>\n<input type=\"hidden\" name=\"_wpcf7_unit_tag\" value=\"wpcf7-f126-o1\" \/>\n<input type=\"hidden\" name=\"_wpcf7_container_post\" value=\"0\" \/>\n<input type=\"hidden\" name=\"_wpcf7_posted_data_hash\" value=\"\" \/>\n<\/div>\n<p><label> Tu nombre<br \/>\n    <span class=\"wpcf7-form-control-wrap your-name\"><input type=\"text\" name=\"your-name\" value=\"\" size=\"40\" class=\"wpcf7-form-control wpcf7-text wpcf7-validates-as-required\" aria-required=\"true\" aria-invalid=\"false\" \/><\/span> <\/label><\/p>\n<p><label> Tu correo electr\u00f3nico<br \/>\n    <span class=\"wpcf7-form-control-wrap your-email\"><input type=\"email\" name=\"your-email\" value=\"\" size=\"40\" class=\"wpcf7-form-control wpcf7-text wpcf7-email wpcf7-validates-as-required wpcf7-validates-as-email\" aria-required=\"true\" aria-invalid=\"false\" \/><\/span> <\/label><\/p>\n<p><label> Asunto<br \/>\n    <span class=\"wpcf7-form-control-wrap your-subject\"><input type=\"text\" name=\"your-subject\" value=\"\" size=\"40\" class=\"wpcf7-form-control wpcf7-text wpcf7-validates-as-required\" aria-required=\"true\" aria-invalid=\"false\" \/><\/span> <\/label><\/p>\n<p><label> Tu mensaje (opcional)<br \/>\n    <span class=\"wpcf7-form-control-wrap your-message\"><textarea name=\"your-message\" cols=\"40\" rows=\"10\" class=\"wpcf7-form-control wpcf7-textarea\" aria-invalid=\"false\"><\/textarea><\/span> <\/label><\/p>\n<p><input type=\"submit\" value=\"Enviar\" class=\"wpcf7-form-control wpcf7-submit\" \/><\/p>\n<div class=\"wpcf7-response-output\" aria-hidden=\"true\"><\/div><\/form><\/div><\/div>\n","protected":false},"excerpt":{"rendered":"<p>SECRETAR\u00cdA CIENT\u00cdFICA y ORGANIZACI\u00d3N DEL CONGRESO Instituto Valenciano de Neurolog\u00eda Pedi\u00e1trica (INVANEP)Calle Artes Gr\u00e1ficas 23, bajo. 46010-ValenciaTf: (+ 34)96 361 &hellip; <\/p>\n","protected":false},"author":1,"featured_media":0,"parent":0,"menu_order":0,"comment_status":"closed","ping_status":"closed","template":"","meta":[],"_links":{"self":[{"href":"https:\/\/invanep.com\/congreso-2021\/wp-json\/wp\/v2\/pages\/37"}],"collection":[{"href":"https:\/\/invanep.com\/congreso-2021\/wp-json\/wp\/v2\/pages"}],"about":[{"href":"https:\/\/invanep.com\/congreso-2021\/wp-json\/wp\/v2\/types\/page"}],"author":[{"embeddable":true,"href":"https:\/\/invanep.com\/congreso-2021\/wp-json\/wp\/v2\/users\/1"}],"replies":[{"embeddable":true,"href":"https:\/\/invanep.com\/congreso-2021\/wp-json\/wp\/v2\/comments?post=37"}],"version-history":[{"count":15,"href":"https:\/\/invanep.com\/congreso-2021\/wp-json\/wp\/v2\/pages\/37\/revisions"}],"predecessor-version":[{"id":128,"href":"https:\/\/invanep.com\/congreso-2021\/wp-json\/wp\/v2\/pages\/37\/revisions\/128"}],"wp:attachment":[{"href":"https:\/\/invanep.com\/congreso-2021\/wp-json\/wp\/v2\/media?parent=37"}],"curies":[{"name":"wp","href":"https:\/\/api.w.org\/{rel}","templated":true}]}}